{"id":719,"date":"2025-10-22T09:54:20","date_gmt":"2025-10-22T07:54:20","guid":{"rendered":"https:\/\/projektkontoret.se\/?post_type=ufaq&#038;p=719"},"modified":"2025-10-27T14:21:19","modified_gmt":"2025-10-27T13:21:19","slug":"vilka-samband-finns-mellan-projektkontoret-och-ovriga-systersajter","status":"publish","type":"ufaq","link":"https:\/\/projektkontoret.se\/sv\/ufaq\/vilka-samband-finns-mellan-projektkontoret-och-ovriga-systersajter\/","title":{"rendered":"Vilka samband finns mellan Projektkontoret och \u00f6vriga systersajter?"},"content":{"rendered":"<div  class=\"ewd-ufaq-faq-list ewd-ufaq-page-type-distinct ewd-ufaq-category-tabs-\" id='ewd-ufaq-faq-list'>\n\n\t<input type='hidden' name='show_on_load' value='' id='ewd-ufaq-show-on-load' \/>\n<input type='hidden' name='include_category' value='' id='ewd-ufaq-include-category' \/>\n<input type='hidden' name='exclude_category' value='' id='ewd-ufaq-exclude-category' \/>\n<input type='hidden' name='orderby' value='title' id='ewd-ufaq-orderby' \/>\n<input type='hidden' name='order' value='asc' id='ewd-ufaq-order' \/>\n<input type='hidden' name='post_count' value='-1' id='ewd-ufaq-post-count' \/>\n<input type='hidden' name='current_url' value='\/sv\/wp-json\/wp\/v2\/ufaq\/719' id='ewd-ufaq-current-url' \/>\n\t\n\t\n\t<div class='ewd-ufaq-faqs'>\n\n\t\t<div  class=\"ewd-ufaq-faq-div ewd-ufaq-faq-column-count-one ewd-ufaq-faq-responsive-columns- ewd-ufaq-faq-display-style-default ewd-ufaq-can-be-toggled\" id='ewd-ufaq-post-719-6VhyrQRLbM' data-post_id='719'>\n\n\t\t\n\t<div class='ewd-ufaq-faq-title ewd-ufaq-faq-toggle'>\n\t\n\t<a class='ewd-ufaq-post-margin'  href='#' role=\"button\">\n\n\t\t<div class='ewd-ufaq-post-margin-symbol ewd-ufaq-'>\n\t\t\t<span >A<\/span>\n\t\t<\/div>\n\n\t\t<div class='ewd-ufaq-faq-title-text'>\n\n\t\t\t<h4>\n\t\t\t\tVilka samband finns mellan Projektkontoret och \u00f6vriga systersajter?\t\t\t<\/h4>\n\n\t\t<\/div>\n\n\t\t<div class='ewd-ufaq-clear'><\/div>\n\n\t<\/a>\n\t\n<\/div>\n\t\n\t<div class='ewd-ufaq-faq-body' >\n\n\t\t\n\t\t\t<div class='ewd-ufaq-faq-categories'>\n\t\n\tCategory:\n\t\n\t\tEkosystem\n\t\n<\/div>\n\t\t\n\t\t\t<div class='ewd-ufaq-post-margin ewd-ufaq-faq-post'>\n\t\n<p>Projektkontoret.se \u00e4r en strategisk resurs f\u00f6r beslutsfattare som vill effektivisera projektstyrning genom ett professionellt PMO (Project Management Office). Sajten visar hur ett PMO kan \u00f6ka kontroll, transparens och resursutnyttjande i projektportf\u00f6ljen. Den erbjuder insikter om struktur, metodik, riskhantering och uppf\u00f6ljning \u2013 allt f\u00f6r att koppla projekt till aff\u00e4rsm\u00e5l. Med guider, fallstudier och verktyg hj\u00e4lper sajten organisationer att etablera ett projektkontor som driver resultat och strategisk utveckling. F\u00f6r ledare som s\u00f6ker \u00f6kad projektmognad och b\u00e4ttre beslutsunderlag \u00e4r Projektkontoret.se en v\u00e4rdefull kunskapsplattform.<\/p>\n\n\n\n<p>Projektkontoret.se \u00e4r en delm\u00e4ngd av olika sajter, i form av ekosystem, kopplade till <a href=\"https:\/\/rolfolsson.se\">Rolf Olsson<\/a>.<span class=\"_1vwisb38\" data-testid=\"youchat-text\"> Avsikten \u00e4r att skapa kunskapshubbar kring en central hub f\u00f6r expertis inom digital transformation, enterprisearkitektur (EA), AI, aff\u00e4rsutveckling med tillv\u00e4xtcoachning och f\u00f6r\u00e4ndringsledning. Syftet \u00e4r ocks\u00e5 att erbjuda tankeledarskap inom omr\u00e5den som digital kompetens, aff\u00e4rsnytta och processoptimering. Den \u00e4r ocks\u00e5 en plattform f\u00f6r att marknadsf\u00f6ra hans konsulttj\u00e4nster och eventuella utbildningar eller workshops.<\/span><\/p>\n\n\n\n<figure class=\"wp-block-table is-style-regular\"><table><thead><tr><th>Webbplats<\/th><th>URL<\/th><th>\u00c4gare<\/th><th>Tematiskt fokus \/ Inneh\u00e5llsomr\u00e5de<\/th><th class=\"has-text-align-center\" data-align=\"center\">Grundad \u00e5r<\/th><th class=\"has-text-align-center\" data-align=\"center\">Samband<\/th><\/tr><\/thead><tbody><tr><td>&nbsp;<\/td><td>&nbsp;<\/td><td>&nbsp;<\/td><td>&nbsp;<\/td><td class=\"has-text-align-center\" data-align=\"center\"><\/td><td class=\"has-text-align-center\" data-align=\"center\">&nbsp;<\/td><\/tr><tr><td>ArenaStart AB<\/td><td><a href=\"https:\/\/arenastart.se\">arenastart.se<\/a><\/td><td><a href=\"https:\/\/arenastart.se\">ArenaStart AB<\/a><\/td><td>Start-up &amp; Scale-up st\u00f6d, etablering av &#8221;the Unicorn Within&#8221; f\u00f6r stora organisationer, entrepren\u00f6rskap, innovation<\/td><td class=\"has-text-align-center\" data-align=\"center\">2022<\/td><td class=\"has-text-align-center\" data-align=\"center\">Co-founder<\/td><\/tr><tr><td>Swedish Ventures AB<\/td><td><a href=\"https:\/\/swedishventures.se\">swedishventures.se<\/a><\/td><td><a href=\"https:\/\/arenastart.se\">ArenaStart AB<\/a><\/td><td>Investeringsplattform, Start-up &amp; Scale-up finansiering<\/td><td class=\"has-text-align-center\" data-align=\"center\">2024<\/td><td class=\"has-text-align-center\" data-align=\"center\">Co-founder<\/td><\/tr><tr><td>Investors@Swedish Ventures<\/td><td><a href=\"https:\/\/investors.swedishventures.se\">investors.swedishventures.se<\/a><\/td><td><a href=\"https:\/\/arenastart.se\">ArenaStart AB<\/a><\/td><td>Investerarrelationer, n\u00e4tverk f\u00f6r investerare, communitiy<\/td><td class=\"has-text-align-center\" data-align=\"center\">2024<\/td><td class=\"has-text-align-center\" data-align=\"center\">Co-founder<\/td><\/tr><tr><td>Dealroom@Swedish Ventures<\/td><td><a href=\"https:\/\/dealroom.swedishventures.se\">dealroom.swedishventures.se<\/a><\/td><td><a href=\"https:\/\/arenastart.se\">ArenaStart AB<\/a><\/td><td>Dealflow, investeringsm\u00f6jligheter f\u00f6r investrerare, community<\/td><td class=\"has-text-align-center\" data-align=\"center\">2024<\/td><td class=\"has-text-align-center\" data-align=\"center\">Co-founder<\/td><\/tr><tr><td>\n<p>Tillv\u00e4xtcoacherna AB<\/p>\n<\/td><td><a href=\"https:\/\/tillvaxtcoacherna.se\">tillvaxtcoacherna.se<\/a><\/td><td><a href=\"https:\/\/arenastart.se\">ArenaStart AB<\/a><\/td><td>Aff\u00e4rscoaching, tillv\u00e4xtst\u00f6d, v\u00e4gledning hur man bygger en verksamhet, organisation eller f\u00f6retag.<\/td><td class=\"has-text-align-center\" data-align=\"center\">2024<\/td><td class=\"has-text-align-center\" data-align=\"center\">Co-founder<\/td><\/tr><tr><td>Innovation Academy AB<\/td><td><a href=\"https:\/\/innovationacademy.se\">innovationacademy.se<\/a><\/td><td><a href=\"https:\/\/arenastart.se\">ArenaStart AB<\/a><\/td><td>Innovationsledning, innovationshantering, ledarskapsutbildning inom digitalt ledarskap, ISO standarderna 56001-56011<\/td><td class=\"has-text-align-center\" data-align=\"center\">2024<\/td><td class=\"has-text-align-center\" data-align=\"center\">Co-founder<\/td><\/tr><tr><td>IM4CFO@Innovation Academy<\/td><td><a href=\"https:\/\/im4cfo.innovationacademy.se\">im4cfo.innovationacademy.se<\/a><\/td><td><a href=\"https:\/\/arenastart.se\">ArenaStart AB<\/a><\/td><td>CFO-utbildning, ekonomiledarskap, best\u00e4llarkompetens inom innovationsledning, enterprisearkitektur och digitalisering. Fokusgrupp: Ekonomichef \/ CFO. Community<\/td><td class=\"has-text-align-center\" data-align=\"center\">2024<\/td><td class=\"has-text-align-center\" data-align=\"center\">Co-founder<\/td><\/tr><tr><td>IM4CEO@ Innovation Academy<\/td><td><a href=\"https:\/\/im4ceo.innovationacademy.se\">im4ceo.innovationacademy.se<\/a><\/td><td><a href=\"https:\/\/arenastart.se\">ArenaStart AB<\/a><\/td><td>CEO-utbildning, best\u00e4llarkompetens inom innovationsledning, enterprisearkitektur och digitalisering. Fokusgrupp: VD \/GD \/ CEO. Community<\/td><td class=\"has-text-align-center\" data-align=\"center\">2024<\/td><td class=\"has-text-align-center\" data-align=\"center\">Co-founder<\/td><\/tr><tr><td>IM4board@Innovation Academy<\/td><td><a href=\"https:\/\/im4board.innovationacademy.se\">im4board.innovationacademy.se<\/a><\/td><td><a href=\"https:\/\/arenastart.se\">ArenaStart AB<\/a><\/td><td>Styrelseutbildning, best\u00e4llarkompetens inom innovationsledning, enterprisearkitektur och digitalisering. Fokusgrupp: Styrelseordf\u00f6rande, styrelsemedlemmar. Community<\/td><td class=\"has-text-align-center\" data-align=\"center\">2024<\/td><td class=\"has-text-align-center\" data-align=\"center\">Co-founder<\/td><\/tr><tr><td>Akuta<\/td><td><a href=\"https:\/\/akuta.se\">akuta.se<\/a><\/td><td><a href=\"https:\/\/arenastart.se\">ArenaStart AB<\/a><\/td><td>Akut och krishantering f\u00f6r organisationer<\/td><td class=\"has-text-align-center\" data-align=\"center\">2023<\/td><td class=\"has-text-align-center\" data-align=\"center\">Co-founder<\/td><\/tr><tr><td>Tryggtec AB<\/td><td><a href=\"https:\/\/tryggtec.se\">tryggtec.se<\/a><\/td><td><a href=\"https:\/\/arenastart.se\">ArenaStart AB<\/a><\/td><td>S\u00e4kerhetsteknik, riskhantering<\/td><td class=\"has-text-align-center\" data-align=\"center\">2023<\/td><td class=\"has-text-align-center\" data-align=\"center\">Co-founder<\/td><\/tr><tr><td>Tillv\u00e4xtcoach<\/td><td><a href=\"https:\/\/tillvaxtcoach.se\">tillvaxtcoach.se<\/a><\/td><td><a href=\"https:\/\/arenastart.se\">ArenaStart AB<\/a><\/td><td>St\u00f6d till rollen som tillv\u00e4xtcoach, aff\u00e4rscoaching, tillv\u00e4xtst\u00f6d<\/td><td class=\"has-text-align-center\" data-align=\"center\">2023<\/td><td class=\"has-text-align-center\" data-align=\"center\">Co-founder<\/td><\/tr><tr><td>Sales Machine<\/td><td><a href=\"https:\/\/salesmachine.se\">salesmachine.se<\/a><\/td><td><a href=\"https:\/\/arenastart.se\">ArenaStart AB<\/a><\/td><td>S\u00e4ljoptimering, f\u00f6rs\u00e4ljningsverktyg<\/td><td class=\"has-text-align-center\" data-align=\"center\">2025<\/td><td class=\"has-text-align-center\" data-align=\"center\">Co-founder<\/td><\/tr><tr><td>48hours<\/td><td><a href=\"https:\/\/48hours.se\">48hours.se<\/a><\/td><td><a href=\"https:\/\/arenastart.se\">ArenaStart AB<\/a><\/td><td>Aff\u00e4rs- och innovationsutmaningar, svar inom 48timmar, max 48 timmars konsulttid per kund och max 48,000 SEK i konsultarvode<\/td><td class=\"has-text-align-center\" data-align=\"center\">2025<\/td><td class=\"has-text-align-center\" data-align=\"center\">Co-founder<\/td><\/tr><tr><td>Rolf Olsson<\/td><td><a href=\"https:\/\/rolfolsson.se\">rolfolsson.se<\/a><\/td><td><a href=\"https:\/\/rolfolsson.se\">Rolf Olsson<\/a><\/td><td>Rolf Olssons personliga och professionella webbplats. Den fungerar som en central hub f\u00f6r Rolfs expertis inom digital transformation, enterprisearkitektur, aff\u00e4rsutveckling och f\u00f6r\u00e4ndringsledning. Sajten presenterar hans bakgrund, erfarenheter och tj\u00e4nster, inklusive konsultverksamhet inom digitalisering och f\u00f6retagsarkitektur. Den fungerar ocks\u00e5 som en portal till hans \u00f6vriga webbplatser och initiativ, vilket skapar ett n\u00e4tverk av relaterade resurser och tj\u00e4nster.<\/td><td class=\"has-text-align-center\" data-align=\"center\">2005<\/td><td class=\"has-text-align-center\" data-align=\"center\">\u00c4gare<\/td><\/tr><tr><td>My Communities<\/td><td><a href=\"https:\/\/mycommunities.se\">mycommunities.se<\/a><\/td><td><a href=\"https:\/\/rolfolsson.se\">Rolf Olsson<\/a><\/td><td>\u00d6versikt \u00f6ver community och n\u00e4tverk<\/td><td class=\"has-text-align-center\" data-align=\"center\">2025<\/td><td class=\"has-text-align-center\" data-align=\"center\">\u00c4gare<\/td><\/tr><tr><td>Digitaliseringskompetens<\/td><td><a href=\"https:\/\/digitaliseringskompetens.se\">digitaliseringskompetens.se<\/a><\/td><td><a href=\"https:\/\/rolfolsson.se\">Rolf Olsson<\/a><\/td><td>Digitaliseringskompetens, digital transformation<\/td><td class=\"has-text-align-center\" data-align=\"center\">2012<\/td><td class=\"has-text-align-center\" data-align=\"center\">\u00c4gare<\/td><\/tr><tr><td>BPM Konsult<\/td><td><a href=\"https:\/\/bpmkonsult.se\">bpmkonsult<\/a>.se<\/td><td><a href=\"https:\/\/rolfolsson.se\">Rolf Olsson<\/a><\/td><td>Business Process Management, Business Performance Management<\/td><td class=\"has-text-align-center\" data-align=\"center\">2010<\/td><td class=\"has-text-align-center\" data-align=\"center\">\u00c4gare<\/td><\/tr><tr><td>iLots<\/td><td><a href=\"https:\/\/ilots.se\">ilots.se<\/a><\/td><td><a href=\"https:\/\/rolfolsson.se\">Rolf Olsson<\/a><\/td><td>Digitala verktyg, projektst\u00f6d inom omr\u00e5det f\u00f6r Strategic Management<\/td><td class=\"has-text-align-center\" data-align=\"center\">2020<\/td><td class=\"has-text-align-center\" data-align=\"center\">\u00c4gare<\/td><\/tr><tr><td>Digital Arkitektur<\/td><td><a href=\"https:\/\/digitalarkitektur.se\">digitalarkitektur.se<\/a><\/td><td><a href=\"https:\/\/rolfolsson.se\">Rolf Olsson<\/a><\/td><td>Digital arkitektur, IT-strategi<\/td><td class=\"has-text-align-center\" data-align=\"center\">2019<\/td><td class=\"has-text-align-center\" data-align=\"center\">\u00c4gare<\/td><\/tr><tr><td>Enterprise Arkitekt<\/td><td><a href=\"https:\/\/enterprisearkitekt.se\">enterprisearkitekt.se<\/a><\/td><td><a href=\"https:\/\/rolfolsson.se\">Rolf Olsson<\/a><\/td><td>Enterprisearkitektur, IT-governance ur ett akademiskt perspektiv med fokus p\u00e5 rollen som enterprisearkitekt.<\/td><td class=\"has-text-align-center\" data-align=\"center\">2015<\/td><td class=\"has-text-align-center\" data-align=\"center\">\u00c4gare<\/td><\/tr><tr><td>Enterprise Arkitektur<\/td><td><a href=\"https:\/\/enterprisearkitektur.se\">enterprisearkitektur.se<\/a><\/td><td><a href=\"https:\/\/rolfolsson.se\">Rolf Olsson<\/a><\/td><td>Enterprisearkitektur, IT-governance<\/td><td class=\"has-text-align-center\" data-align=\"center\">2015<\/td><td class=\"has-text-align-center\" data-align=\"center\">\u00c4gare<\/td><\/tr><tr><td>Enterprise Arkitekten<\/td><td><a href=\"https:\/\/enterprisearkitekten.se\">enterprisearkitekten.se<\/a><\/td><td><a href=\"https:\/\/rolfolsson.se\">Rolf Olsson<\/a><\/td><td>Enterprisearkitektur med fokus p\u00e5 rollen som enterprisearkitekt som community.<\/td><td class=\"has-text-align-center\" data-align=\"center\">2015<\/td><td class=\"has-text-align-center\" data-align=\"center\">\u00c4gare<\/td><\/tr><tr><td>Enterprise Architect<\/td><td><a href=\"https:\/\/enterprisearchitect.se\">enterprisearchitect.se<\/a><\/td><td><a href=\"https:\/\/rolfolsson.se\">Rolf Olsson<\/a><\/td><td>Enterprisearkitektur, IT-governance ur ett praktiskt perspektiv med fokus p\u00e5 rollen som enterprisearkitekt.<\/td><td class=\"has-text-align-center\" data-align=\"center\">2015<\/td><td class=\"has-text-align-center\" data-align=\"center\">\u00c4gare<\/td><\/tr><tr><td>Enterprise Architecture<\/td><td><a href=\"https:\/\/enterprisearchitecture.se\">enterprisearchitecture.se<\/a><\/td><td><a href=\"https:\/\/rolfolsson.se\">Rolf Olsson<\/a><\/td><td>Enterprisearkitektur, IT-governance, begreppsf\u00f6rklaringar.<\/td><td class=\"has-text-align-center\" data-align=\"center\">2015<\/td><td class=\"has-text-align-center\" data-align=\"center\">\u00c4gare<\/td><\/tr><tr><td>Digital Pal<\/td><td><a href=\"https:\/\/digitalpal.se\">digitalpal.se<\/a><\/td><td><a href=\"https:\/\/rolfolsson.se\">Rolf Olsson<\/a><\/td><td>Digitala verktyg och innovation ur ett Business Performance perspektiv, med data drivet beslutsst\u00f6d.<\/td><td class=\"has-text-align-center\" data-align=\"center\">2020<\/td><td class=\"has-text-align-center\" data-align=\"center\">\u00c4gare<\/td><\/tr><tr><td>Aff\u00e4rsnyttan<\/td><td><a href=\"https:\/\/aff\u00e4rsnyttan.se\">aff\u00e4rsnyttan.se<\/a><\/td><td><a href=\"https:\/\/rolfolsson.se\">Rolf Olsson<\/a><\/td><td>Aff\u00e4rsnytta, digitalisering, konsulttj\u00e4nster inom logistik<\/td><td class=\"has-text-align-center\" data-align=\"center\">2016<\/td><td class=\"has-text-align-center\" data-align=\"center\">\u00c4gare<\/td><\/tr><tr><td>Dandelin AB<\/td><td><a href=\"https:\/\/dandelin.se\">dandelin.se<\/a><\/td><td><a href=\"https:\/\/dandelin.se\">Dandelin AB<\/a><\/td><td>Projektledning, konsulttj\u00e4nster, aff\u00e4rssystemsimplementering (ERP) med fokus p\u00e5 fastighets\u00e4gare som m\u00e5lgrupp.<\/td><td class=\"has-text-align-center\" data-align=\"center\">2020<\/td><td class=\"has-text-align-center\" data-align=\"center\">\u00c4gare<\/td><\/tr><tr><td>Projektkontoret<\/td><td><a href=\"https:\/\/projektkontoret.se\">projektkontoret.se<\/a><\/td><td><a href=\"https:\/\/dandelin.se\">Dandelin AB<\/a><\/td><td>Projektkontor, projektledning, aff\u00e4rsutveckling<\/td><td class=\"has-text-align-center\" data-align=\"center\">2024<\/td><td class=\"has-text-align-center\" data-align=\"center\">\u00c4gare<\/td><\/tr><tr><td>Artificiell intelligens f\u00f6r professioner<\/td><td><a href=\"https:\/\/ai4pro.se\" title=\"\">ai4pro.se<\/a><\/td><td><a href=\"https:\/\/dandelin.se\">Dandelin AB<\/a><\/td><td>AI som hj\u00e4lpmedel f\u00f6r organisationsledning, CEO GD \/ VD och CFO<\/td><td class=\"has-text-align-center\" data-align=\"center\">2024<\/td><td class=\"has-text-align-center\" data-align=\"center\">\u00c4gare<\/td><\/tr><\/tbody><\/table><\/figure>\n\n\n\n<p>Ovanst\u00e5ende tabell syftar till att klarl\u00e4gga samband mellan v\u00e5ra sajter, vad det g\u00e4ller kunskapsomr\u00e5de, kunderbjudande och \u00e4garskapsf\u00f6rh\u00e5llande.<\/p>\n\n\n\n<p>&nbsp;<\/p>\n\n\n\n<p><\/p>\n<\/div>\n\t\t\n\t\t\t\n\t\t\n\t\t\t\n\t\t\n\t\t\t<div class='ewd-ufaq-faq-tags'>\n\t\n\tTag:\t\n\t\n\t\tSamband\n\t\n<\/div>\n\t\t\n\t\t\t\n\t\t\n\t\t\t\n\t\t\n\t\t\t\n\t\t\n\t\t\t\n\t\t\n\t\t\t\n\t\t\n\t<\/div>\n\n<\/div>\n\t<\/div>\n\n\t\n<\/div>","protected":false},"excerpt":{"rendered":"<p>A Vilka samband finns mellan Projektkontoret och \u00f6vriga systersajter? Category: Ekosystem Projektkontoret.se \u00e4r en strategisk resurs f\u00f6r beslutsfattare som vill effektivisera projektstyrning genom ett professionellt PMO (Project Management Office). Sajten visar hur ett PMO kan \u00f6ka kontroll, transparens och resursutnyttjande i projektportf\u00f6ljen. Den erbjuder insikter om struktur, metodik, riskhantering och uppf\u00f6ljning \u2013 allt f\u00f6r att [&hellip;]<\/p>\n","protected":false},"author":2,"featured_media":0,"comment_status":"closed","ping_status":"closed","template":"","ufaq-category":[96],"ufaq-tag":[97],"class_list":["post-719","ufaq","type-ufaq","status-publish","hentry","ufaq-category-ekosystem","ufaq-tag-samband"],"aioseo_notices":[],"aioseo_head":"\n\t\t<!-- All in One SEO Pro 4.9.6.2 - aioseo.com -->\n\t<meta name=\"description\" content=\"Sidan har som syfte att redovisa projektkontoret.se relation och samband till \u00f6vriga syster sajter, som en extern sajtkarta, med \u00e4gare och sajtbeskrivning\" \/>\n\t<meta name=\"robots\" content=\"max-image-preview:large\" \/>\n\t<meta name=\"author\" content=\"Rolf Olsson\"\/>\n\t<meta name=\"msvalidate.01\" content=\"s\" \/>\n\t<link rel=\"canonical\" href=\"https:\/\/projektkontoret.se\/sv\/ufaq\/vilka-samband-finns-mellan-projektkontoret-och-ovriga-systersajter\/\" \/>\n\t<meta name=\"generator\" content=\"All in One SEO Pro (AIOSEO) 4.9.6.2\" \/>\n\t\t<meta property=\"og:locale\" content=\"sv_SE\" \/>\n\t\t<meta property=\"og:site_name\" content=\"Projektkontoret | PMO - d\u00e4r strategi m\u00f6ter struktur\" \/>\n\t\t<meta property=\"og:type\" content=\"article\" \/>\n\t\t<meta property=\"og:title\" content=\"FAQ: Samband mellan Projektkontoret och \u00f6vriga systersajter\" \/>\n\t\t<meta property=\"og:description\" content=\"Sidan har som syfte att redovisa projektkontoret.se relation och samband till \u00f6vriga syster sajter, som en extern sajtkarta, med \u00e4gare och sajtbeskrivning\" \/>\n\t\t<meta property=\"og:url\" content=\"https:\/\/projektkontoret.se\/sv\/ufaq\/vilka-samband-finns-mellan-projektkontoret-och-ovriga-systersajter\/\" \/>\n\t\t<meta property=\"article:published_time\" content=\"2025-10-22T07:54:20+00:00\" \/>\n\t\t<meta property=\"article:modified_time\" content=\"2025-10-27T13:21:19+00:00\" \/>\n\t\t<meta name=\"twitter:card\" content=\"summary_large_image\" \/>\n\t\t<meta name=\"twitter:title\" content=\"FAQ: Samband mellan Projektkontoret och \u00f6vriga systersajter\" \/>\n\t\t<meta name=\"twitter:description\" content=\"Sidan har som syfte att redovisa projektkontoret.se relation och samband till \u00f6vriga syster sajter, som en extern sajtkarta, med \u00e4gare och sajtbeskrivning\" \/>\n\t\t<script type=\"application\/ld+json\" class=\"aioseo-schema\">\n\t\t\t{\"@context\":\"https:\\\/\\\/schema.org\",\"@graph\":[{\"@type\":\"BreadcrumbList\",\"@id\":\"https:\\\/\\\/projektkontoret.se\\\/sv\\\/ufaq\\\/vilka-samband-finns-mellan-projektkontoret-och-ovriga-systersajter\\\/#breadcrumblist\",\"itemListElement\":[{\"@type\":\"ListItem\",\"@id\":\"https:\\\/\\\/projektkontoret.se\\\/sv#listItem\",\"position\":1,\"name\":\"start\",\"item\":\"https:\\\/\\\/projektkontoret.se\\\/sv\",\"nextItem\":{\"@type\":\"ListItem\",\"@id\":\"https:\\\/\\\/projektkontoret.se\\\/sv\\\/ufaq\\\/#listItem\",\"name\":\"FAQs\"}},{\"@type\":\"ListItem\",\"@id\":\"https:\\\/\\\/projektkontoret.se\\\/sv\\\/ufaq\\\/#listItem\",\"position\":2,\"name\":\"FAQs\",\"item\":\"https:\\\/\\\/projektkontoret.se\\\/sv\\\/ufaq\\\/\",\"nextItem\":{\"@type\":\"ListItem\",\"@id\":\"https:\\\/\\\/projektkontoret.se\\\/sv\\\/ufaq-category\\\/ekosystem\\\/#listItem\",\"name\":\"Ekosystem\"},\"previousItem\":{\"@type\":\"ListItem\",\"@id\":\"https:\\\/\\\/projektkontoret.se\\\/sv#listItem\",\"name\":\"start\"}},{\"@type\":\"ListItem\",\"@id\":\"https:\\\/\\\/projektkontoret.se\\\/sv\\\/ufaq-category\\\/ekosystem\\\/#listItem\",\"position\":3,\"name\":\"Ekosystem\",\"item\":\"https:\\\/\\\/projektkontoret.se\\\/sv\\\/ufaq-category\\\/ekosystem\\\/\",\"nextItem\":{\"@type\":\"ListItem\",\"@id\":\"https:\\\/\\\/projektkontoret.se\\\/sv\\\/ufaq\\\/vilka-samband-finns-mellan-projektkontoret-och-ovriga-systersajter\\\/#listItem\",\"name\":\"Vilka samband finns mellan Projektkontoret och \\u00f6vriga systersajter?\"},\"previousItem\":{\"@type\":\"ListItem\",\"@id\":\"https:\\\/\\\/projektkontoret.se\\\/sv\\\/ufaq\\\/#listItem\",\"name\":\"FAQs\"}},{\"@type\":\"ListItem\",\"@id\":\"https:\\\/\\\/projektkontoret.se\\\/sv\\\/ufaq\\\/vilka-samband-finns-mellan-projektkontoret-och-ovriga-systersajter\\\/#listItem\",\"position\":4,\"name\":\"Vilka samband finns mellan Projektkontoret och \\u00f6vriga systersajter?\",\"previousItem\":{\"@type\":\"ListItem\",\"@id\":\"https:\\\/\\\/projektkontoret.se\\\/sv\\\/ufaq-category\\\/ekosystem\\\/#listItem\",\"name\":\"Ekosystem\"}}]},{\"@type\":\"Organization\",\"@id\":\"https:\\\/\\\/projektkontoret.se\\\/sv\\\/#organization\",\"name\":\"Projektkontoret\",\"description\":\"PMO - d\\u00e4r strategi m\\u00f6ter struktur\",\"url\":\"https:\\\/\\\/projektkontoret.se\\\/sv\\\/\",\"email\":\"rolf@dandelin.se\",\"telephone\":\"+46859252200\",\"numberOfEmployees\":{\"@type\":\"QuantitativeValue\",\"value\":2},\"logo\":{\"@type\":\"ImageObject\",\"url\":\"https:\\\/\\\/projektkontoret.se\\\/wp-content\\\/uploads\\\/2025\\\/10\\\/Projektkontoret_SE-3.png\",\"@id\":\"https:\\\/\\\/projektkontoret.se\\\/sv\\\/ufaq\\\/vilka-samband-finns-mellan-projektkontoret-och-ovriga-systersajter\\\/#organizationLogo\",\"width\":696,\"height\":605,\"caption\":\"Projektkontoret - PMO - logotype svenska\"},\"image\":{\"@id\":\"https:\\\/\\\/projektkontoret.se\\\/sv\\\/ufaq\\\/vilka-samband-finns-mellan-projektkontoret-och-ovriga-systersajter\\\/#organizationLogo\"},\"sameAs\":[\"https:\\\/\\\/www.linkedin.com\\\/company\\\/projektkontoret-pmo\\\/\"],\"address\":{\"@id\":\"https:\\\/\\\/projektkontoret.se\\\/sv\\\/#postaladdress\",\"@type\":\"PostalAddress\",\"streetAddress\":\"V\\u00e4stra J\\u00e4rnv\\u00e4gsgatan 3, 9 tr,\",\"postalCode\":\"11164\",\"addressLocality\":\"Stockholm\",\"addressCountry\":\"SE\"}},{\"@type\":\"Person\",\"@id\":\"https:\\\/\\\/projektkontoret.se\\\/sv\\\/author\\\/rolf-olsson\\\/#author\",\"url\":\"https:\\\/\\\/projektkontoret.se\\\/sv\\\/author\\\/rolf-olsson\\\/\",\"name\":\"Rolf Olsson\",\"image\":{\"@type\":\"ImageObject\",\"url\":\"https:\\\/\\\/secure.gravatar.com\\\/avatar\\\/9f53471d338aff65f7aadb81965ba6552abd0cd7fdef3bb6b8561a152d9335f5?s=96&d=mm&r=g\"}},{\"@type\":\"WebPage\",\"@id\":\"https:\\\/\\\/projektkontoret.se\\\/sv\\\/ufaq\\\/vilka-samband-finns-mellan-projektkontoret-och-ovriga-systersajter\\\/#webpage\",\"url\":\"https:\\\/\\\/projektkontoret.se\\\/sv\\\/ufaq\\\/vilka-samband-finns-mellan-projektkontoret-och-ovriga-systersajter\\\/\",\"name\":\"FAQ: Samband mellan Projektkontoret och \\u00f6vriga systersajter\",\"description\":\"Sidan har som syfte att redovisa projektkontoret.se relation och samband till \\u00f6vriga syster sajter, som en extern sajtkarta, med \\u00e4gare och sajtbeskrivning\",\"inLanguage\":\"sv-SE\",\"isPartOf\":{\"@id\":\"https:\\\/\\\/projektkontoret.se\\\/sv\\\/#website\"},\"breadcrumb\":{\"@id\":\"https:\\\/\\\/projektkontoret.se\\\/sv\\\/ufaq\\\/vilka-samband-finns-mellan-projektkontoret-och-ovriga-systersajter\\\/#breadcrumblist\"},\"author\":{\"@id\":\"https:\\\/\\\/projektkontoret.se\\\/sv\\\/author\\\/rolf-olsson\\\/#author\"},\"creator\":{\"@id\":\"https:\\\/\\\/projektkontoret.se\\\/sv\\\/author\\\/rolf-olsson\\\/#author\"},\"datePublished\":\"2025-10-22T09:54:20+02:00\",\"dateModified\":\"2025-10-27T14:21:19+01:00\"},{\"@type\":\"WebSite\",\"@id\":\"https:\\\/\\\/projektkontoret.se\\\/sv\\\/#website\",\"url\":\"https:\\\/\\\/projektkontoret.se\\\/sv\\\/\",\"name\":\"Projektkontoret\",\"description\":\"PMO - d\\u00e4r strategi m\\u00f6ter struktur\",\"inLanguage\":\"sv-SE\",\"publisher\":{\"@id\":\"https:\\\/\\\/projektkontoret.se\\\/sv\\\/#organization\"}}]}\n\t\t<\/script>\n\t\t<!-- All in One SEO Pro -->\r\n\t\t<title>FAQ: Samband mellan Projektkontoret och \u00f6vriga systersajter<\/title>\n\n","aioseo_head_json":{"title":"FAQ: Samband mellan Projektkontoret och \u00f6vriga systersajter","description":"Sidan har som syfte att redovisa projektkontoret.se relation och samband till \u00f6vriga syster sajter, som en extern sajtkarta, med \u00e4gare och sajtbeskrivning","canonical_url":"https:\/\/projektkontoret.se\/sv\/ufaq\/vilka-samband-finns-mellan-projektkontoret-och-ovriga-systersajter\/","robots":"max-image-preview:large","keywords":"","webmasterTools":{"msvalidate.01":"s","miscellaneous":""},"schema":{"@context":"https:\/\/schema.org","@graph":[{"@type":"BreadcrumbList","@id":"https:\/\/projektkontoret.se\/sv\/ufaq\/vilka-samband-finns-mellan-projektkontoret-och-ovriga-systersajter\/#breadcrumblist","itemListElement":[{"@type":"ListItem","@id":"https:\/\/projektkontoret.se\/sv#listItem","position":1,"name":"start","item":"https:\/\/projektkontoret.se\/sv","nextItem":{"@type":"ListItem","@id":"https:\/\/projektkontoret.se\/sv\/ufaq\/#listItem","name":"FAQs"}},{"@type":"ListItem","@id":"https:\/\/projektkontoret.se\/sv\/ufaq\/#listItem","position":2,"name":"FAQs","item":"https:\/\/projektkontoret.se\/sv\/ufaq\/","nextItem":{"@type":"ListItem","@id":"https:\/\/projektkontoret.se\/sv\/ufaq-category\/ekosystem\/#listItem","name":"Ekosystem"},"previousItem":{"@type":"ListItem","@id":"https:\/\/projektkontoret.se\/sv#listItem","name":"start"}},{"@type":"ListItem","@id":"https:\/\/projektkontoret.se\/sv\/ufaq-category\/ekosystem\/#listItem","position":3,"name":"Ekosystem","item":"https:\/\/projektkontoret.se\/sv\/ufaq-category\/ekosystem\/","nextItem":{"@type":"ListItem","@id":"https:\/\/projektkontoret.se\/sv\/ufaq\/vilka-samband-finns-mellan-projektkontoret-och-ovriga-systersajter\/#listItem","name":"Vilka samband finns mellan Projektkontoret och \u00f6vriga systersajter?"},"previousItem":{"@type":"ListItem","@id":"https:\/\/projektkontoret.se\/sv\/ufaq\/#listItem","name":"FAQs"}},{"@type":"ListItem","@id":"https:\/\/projektkontoret.se\/sv\/ufaq\/vilka-samband-finns-mellan-projektkontoret-och-ovriga-systersajter\/#listItem","position":4,"name":"Vilka samband finns mellan Projektkontoret och \u00f6vriga systersajter?","previousItem":{"@type":"ListItem","@id":"https:\/\/projektkontoret.se\/sv\/ufaq-category\/ekosystem\/#listItem","name":"Ekosystem"}}]},{"@type":"Organization","@id":"https:\/\/projektkontoret.se\/sv\/#organization","name":"Projektkontoret","description":"PMO - d\u00e4r strategi m\u00f6ter struktur","url":"https:\/\/projektkontoret.se\/sv\/","email":"rolf@dandelin.se","telephone":"+46859252200","numberOfEmployees":{"@type":"QuantitativeValue","value":2},"logo":{"@type":"ImageObject","url":"https:\/\/projektkontoret.se\/wp-content\/uploads\/2025\/10\/Projektkontoret_SE-3.png","@id":"https:\/\/projektkontoret.se\/sv\/ufaq\/vilka-samband-finns-mellan-projektkontoret-och-ovriga-systersajter\/#organizationLogo","width":696,"height":605,"caption":"Projektkontoret - PMO - logotype svenska"},"image":{"@id":"https:\/\/projektkontoret.se\/sv\/ufaq\/vilka-samband-finns-mellan-projektkontoret-och-ovriga-systersajter\/#organizationLogo"},"sameAs":["https:\/\/www.linkedin.com\/company\/projektkontoret-pmo\/"],"address":{"@id":"https:\/\/projektkontoret.se\/sv\/#postaladdress","@type":"PostalAddress","streetAddress":"V\u00e4stra J\u00e4rnv\u00e4gsgatan 3, 9 tr,","postalCode":"11164","addressLocality":"Stockholm","addressCountry":"SE"}},{"@type":"Person","@id":"https:\/\/projektkontoret.se\/sv\/author\/rolf-olsson\/#author","url":"https:\/\/projektkontoret.se\/sv\/author\/rolf-olsson\/","name":"Rolf Olsson","image":{"@type":"ImageObject","url":"https:\/\/secure.gravatar.com\/avatar\/9f53471d338aff65f7aadb81965ba6552abd0cd7fdef3bb6b8561a152d9335f5?s=96&d=mm&r=g"}},{"@type":"WebPage","@id":"https:\/\/projektkontoret.se\/sv\/ufaq\/vilka-samband-finns-mellan-projektkontoret-och-ovriga-systersajter\/#webpage","url":"https:\/\/projektkontoret.se\/sv\/ufaq\/vilka-samband-finns-mellan-projektkontoret-och-ovriga-systersajter\/","name":"FAQ: Samband mellan Projektkontoret och \u00f6vriga systersajter","description":"Sidan har som syfte att redovisa projektkontoret.se relation och samband till \u00f6vriga syster sajter, som en extern sajtkarta, med \u00e4gare och sajtbeskrivning","inLanguage":"sv-SE","isPartOf":{"@id":"https:\/\/projektkontoret.se\/sv\/#website"},"breadcrumb":{"@id":"https:\/\/projektkontoret.se\/sv\/ufaq\/vilka-samband-finns-mellan-projektkontoret-och-ovriga-systersajter\/#breadcrumblist"},"author":{"@id":"https:\/\/projektkontoret.se\/sv\/author\/rolf-olsson\/#author"},"creator":{"@id":"https:\/\/projektkontoret.se\/sv\/author\/rolf-olsson\/#author"},"datePublished":"2025-10-22T09:54:20+02:00","dateModified":"2025-10-27T14:21:19+01:00"},{"@type":"WebSite","@id":"https:\/\/projektkontoret.se\/sv\/#website","url":"https:\/\/projektkontoret.se\/sv\/","name":"Projektkontoret","description":"PMO - d\u00e4r strategi m\u00f6ter struktur","inLanguage":"sv-SE","publisher":{"@id":"https:\/\/projektkontoret.se\/sv\/#organization"}}]},"og:locale":"sv_SE","og:site_name":"Projektkontoret | PMO - d\u00e4r strategi m\u00f6ter struktur","og:type":"article","og:title":"FAQ: Samband mellan Projektkontoret och \u00f6vriga systersajter","og:description":"Sidan har som syfte att redovisa projektkontoret.se relation och samband till \u00f6vriga syster sajter, som en extern sajtkarta, med \u00e4gare och sajtbeskrivning","og:url":"https:\/\/projektkontoret.se\/sv\/ufaq\/vilka-samband-finns-mellan-projektkontoret-och-ovriga-systersajter\/","article:published_time":"2025-10-22T07:54:20+00:00","article:modified_time":"2025-10-27T13:21:19+00:00","twitter:card":"summary_large_image","twitter:title":"FAQ: Samband mellan Projektkontoret och \u00f6vriga systersajter","twitter:description":"Sidan har som syfte att redovisa projektkontoret.se relation och samband till \u00f6vriga syster sajter, som en extern sajtkarta, med \u00e4gare och sajtbeskrivning"},"aioseo_meta_data":{"post_id":"719","title":"FAQ: Samband mellan Projektkontoret och \u00f6vriga systersajter","description":"Sidan har som syfte att redovisa projektkontoret.se relation och samband till \u00f6vriga syster sajter, som en extern sajtkarta, med \u00e4gare och sajtbeskrivning","keywords":null,"keyphrases":{"focus":{"keyphrase":"","score":0,"analysis":{"keyphraseInTitle":{"score":0,"maxScore":9,"error":1}}},"additional":[]},"primary_term":null,"canonical_url":null,"og_title":null,"og_description":null,"og_object_type":"default","og_image_type":"default","og_image_url":null,"og_image_width":null,"og_image_height":null,"og_image_custom_url":null,"og_image_custom_fields":null,"og_video":"","og_custom_url":null,"og_article_section":null,"og_article_tags":null,"twitter_use_og":false,"twitter_card":"default","twitter_image_type":"default","twitter_image_url":null,"twitter_image_custom_url":null,"twitter_image_custom_fields":null,"twitter_title":null,"twitter_description":null,"schema":{"blockGraphs":[],"customGraphs":[],"default":{"data":{"Article":[],"Course":[],"Dataset":[],"FAQPage":[],"Movie":[],"Person":[],"Product":[],"ProductReview":[],"Car":[],"Recipe":[],"Service":[],"SoftwareApplication":[],"WebPage":[]},"graphName":"WebPage","isEnabled":true},"graphs":[]},"schema_type":"default","schema_type_options":null,"pillar_content":false,"robots_default":true,"robots_noindex":false,"robots_noarchive":false,"robots_nosnippet":false,"robots_nofollow":false,"robots_noimageindex":false,"robots_noodp":false,"robots_notranslate":false,"robots_max_snippet":"-1","robots_max_videopreview":"-1","robots_max_imagepreview":"large","priority":null,"frequency":"default","local_seo":null,"seo_analyzer_scan_date":"2025-10-27 13:36:39","breadcrumb_settings":null,"limit_modified_date":false,"reviewed_by":"0","open_ai":null,"ai":{"faqs":[],"keyPoints":[],"titles":[],"descriptions":["Uppt\u00e4ck hur Projektkontoret.se kan st\u00e4rka din organisation med expertv\u00e4gledningar, fallstudier och verktyg f\u00f6r att skapa ett effektivt PMO och driva strategiska resultat.","\u00d6ka kontroll, transparens och resursutnyttjande i dina projekt. L\u00e4r dig hur ett professionellt PMO via Projektkontoret.se kan ta din organisation till n\u00e4sta niv\u00e5.","L\u00e4r dig att koppla projekt till aff\u00e4rsm\u00e5l med Projektkontoret.se \u2014 en plattform som erbjuder insikter, metoder och verktyg f\u00f6r framg\u00e5ngsrik projektledning.","St\u00e4rk din organisation med ett v\u00e4lfungerande projektkontor. Projektkontoret.se ger strategier, guider och fallstudier f\u00f6r att maximera aff\u00e4rsnytta.","Beh\u00f6ver du f\u00f6rb\u00e4ttra projektmognad och beslutsfattande? Utforska Projektkontoret.se och etablera ett PMO som transformerar er projektstyrning."],"socialPosts":{"email":[],"linkedin":[],"twitter":[],"facebook":[],"instagram":[]}},"created":"2025-10-22 07:15:10","updated":"2025-10-27 13:36:39"},"aioseo_breadcrumb":"<div class=\"aioseo-breadcrumbs\"><span class=\"aioseo-breadcrumb\">\n\t<a href=\"https:\/\/projektkontoret.se\/sv\" title=\"start\">start<\/a>\n<\/span><span class=\"aioseo-breadcrumb-separator\">\u203a<\/span><span class=\"aioseo-breadcrumb\">\n\t<a href=\"https:\/\/projektkontoret.se\/sv\/ufaq\/\" title=\"FAQs\">FAQs<\/a>\n<\/span><span class=\"aioseo-breadcrumb-separator\">\u203a<\/span><span class=\"aioseo-breadcrumb\">\n\t<a href=\"https:\/\/projektkontoret.se\/sv\/ufaq-category\/ekosystem\/\" title=\"Ekosystem\">Ekosystem<\/a>\n<\/span><span class=\"aioseo-breadcrumb-separator\">\u203a<\/span><span class=\"aioseo-breadcrumb\">\n\tVilka samband finns mellan Projektkontoret och \u00f6vriga systersajter?\n<\/span><\/div>","aioseo_breadcrumb_json":[{"label":"start","link":"https:\/\/projektkontoret.se\/sv"},{"label":"FAQs","link":"https:\/\/projektkontoret.se\/sv\/ufaq\/"},{"label":"Ekosystem","link":"https:\/\/projektkontoret.se\/sv\/ufaq-category\/ekosystem\/"},{"label":"Vilka samband finns mellan Projektkontoret och \u00f6vriga systersajter?","link":"https:\/\/projektkontoret.se\/sv\/ufaq\/vilka-samband-finns-mellan-projektkontoret-och-ovriga-systersajter\/"}],"_links":{"self":[{"href":"https:\/\/projektkontoret.se\/sv\/wp-json\/wp\/v2\/ufaq\/719","targetHints":{"allow":["GET"]}}],"collection":[{"href":"https:\/\/projektkontoret.se\/sv\/wp-json\/wp\/v2\/ufaq"}],"about":[{"href":"https:\/\/projektkontoret.se\/sv\/wp-json\/wp\/v2\/types\/ufaq"}],"author":[{"embeddable":true,"href":"https:\/\/projektkontoret.se\/sv\/wp-json\/wp\/v2\/users\/2"}],"replies":[{"embeddable":true,"href":"https:\/\/projektkontoret.se\/sv\/wp-json\/wp\/v2\/comments?post=719"}],"wp:attachment":[{"href":"https:\/\/projektkontoret.se\/sv\/wp-json\/wp\/v2\/media?parent=719"}],"wp:term":[{"taxonomy":"ufaq-category","embeddable":true,"href":"https:\/\/projektkontoret.se\/sv\/wp-json\/wp\/v2\/ufaq-category?post=719"},{"taxonomy":"ufaq-tag","embeddable":true,"href":"https:\/\/projektkontoret.se\/sv\/wp-json\/wp\/v2\/ufaq-tag?post=719"}],"curies":[{"name":"wp","href":"https:\/\/api.w.org\/{rel}","templated":true}]}}