{"id":658,"date":"2025-10-20T11:49:10","date_gmt":"2025-10-20T09:49:10","guid":{"rendered":"https:\/\/projektkontoret.se\/ufaq\/vilka-faktorer-ar-avgorande-for-att-sakerstalla-effektiv-kommunikation-i-projekt\/"},"modified":"2025-11-06T16:58:13","modified_gmt":"2025-11-06T15:58:13","slug":"vilka-faktorer-ar-avgorande-for-att-sakerstalla-effektiv-kommunikation-i-projekt","status":"publish","type":"ufaq","link":"https:\/\/projektkontoret.se\/sv\/ufaq\/vilka-faktorer-ar-avgorande-for-att-sakerstalla-effektiv-kommunikation-i-projekt\/","title":{"rendered":"Vilka faktorer \u00e4r avg\u00f6rande f\u00f6r att s\u00e4kerst\u00e4lla effektiv kommunikation i projekt?"},"content":{"rendered":"<div  class=\"ewd-ufaq-faq-list ewd-ufaq-page-type-distinct ewd-ufaq-category-tabs-\" id='ewd-ufaq-faq-list'>\n\n\t<input type='hidden' name='show_on_load' value='' id='ewd-ufaq-show-on-load' \/>\n<input type='hidden' name='include_category' value='' id='ewd-ufaq-include-category' \/>\n<input type='hidden' name='exclude_category' value='' id='ewd-ufaq-exclude-category' \/>\n<input type='hidden' name='orderby' value='title' id='ewd-ufaq-orderby' \/>\n<input type='hidden' name='order' value='asc' id='ewd-ufaq-order' \/>\n<input type='hidden' name='post_count' value='-1' id='ewd-ufaq-post-count' \/>\n<input type='hidden' name='current_url' value='\/sv\/wp-json\/wp\/v2\/ufaq\/658' id='ewd-ufaq-current-url' \/>\n\t\n\t\n\t<div class='ewd-ufaq-faqs'>\n\n\t\t<div  class=\"ewd-ufaq-faq-div ewd-ufaq-faq-column-count-one ewd-ufaq-faq-responsive-columns- ewd-ufaq-faq-display-style-default ewd-ufaq-can-be-toggled\" id='ewd-ufaq-post-658-sL47SE0NBF' data-post_id='658'>\n\n\t\t\n\t<div class='ewd-ufaq-faq-title ewd-ufaq-faq-toggle'>\n\t\n\t<a class='ewd-ufaq-post-margin'  href='#' role=\"button\">\n\n\t\t<div class='ewd-ufaq-post-margin-symbol ewd-ufaq-'>\n\t\t\t<span >A<\/span>\n\t\t<\/div>\n\n\t\t<div class='ewd-ufaq-faq-title-text'>\n\n\t\t\t<h4>\n\t\t\t\tVilka faktorer \u00e4r avg\u00f6rande f\u00f6r att s\u00e4kerst\u00e4lla effektiv kommunikation i projekt?\t\t\t<\/h4>\n\n\t\t<\/div>\n\n\t\t<div class='ewd-ufaq-clear'><\/div>\n\n\t<\/a>\n\t\n<\/div>\n\t\n\t<div class='ewd-ufaq-faq-body' >\n\n\t\t\n\t\t\t<div class='ewd-ufaq-faq-categories'>\n\t\n\tCategory:\n\t\n\t\tProjektledning\n\t\n<\/div>\n\t\t\n\t\t\t<div class='ewd-ufaq-post-margin ewd-ufaq-faq-post'>\n\t<p>Effektiv kommunikation \u00e4r en grundpelare f\u00f6r framg\u00e5ngsrik projektledning. De viktigaste faktorerna inkluderar tydlighet, frekvens och anpassning till m\u00e5lgruppen. Det \u00e4r viktigt att definiera kommunikationsplaner som beskriver vem som ska informeras, n\u00e4r och hur ofta. Anv\u00e4ndning av r\u00e4tt kanaler, s\u00e5som m\u00f6ten, e-post eller digitala verktyg, bidrar till att informationen n\u00e5r r\u00e4tt personer i r\u00e4tt tid. Aktiv lyssning och feedback \u00e4r ocks\u00e5 centrala f\u00f6r att undvika missf\u00f6rst\u00e5nd och s\u00e4kerst\u00e4lla att alla parter \u00e4r \u00f6verens om m\u00e5l och f\u00f6rv\u00e4ntningar. Transparens i kommunikationen skapar f\u00f6rtroende och minskar risken f\u00f6r konflikter. Dessutom b\u00f6r projektledaren anpassa budskapet efter olika intressenters behov och kunskapsniv\u00e5. Regelbundna statusuppdateringar och dokumentation av beslut bidrar till sp\u00e5rbarhet och ansvarstagande. Genom att prioritera dessa faktorer kan projektteamet arbeta mer samordnat och effektivt, vilket \u00f6kar sannolikheten f\u00f6r att projektet levereras enligt plan.<\/p>\n<\/div>\n\t\t\n\t\t\t\n\t\t\n\t\t\t\n\t\t\n\t\t\t<div class='ewd-ufaq-faq-tags'>\n\t\n\tTags:\t\n\t\n\t\tKommunikation, \n\t\n\t\tProjektledning\n\t\n<\/div>\n\t\t\n\t\t\t\n\t\t\n\t\t\t\n\t\t\n\t\t\t\n\t\t\n\t\t\t\n\t\t\n\t\t\t\n\t\t\n\t<\/div>\n\n<\/div>\n\t<\/div>\n\n\t\n<\/div>","protected":false},"excerpt":{"rendered":"<p>A Vilka faktorer \u00e4r avg\u00f6rande f\u00f6r att s\u00e4kerst\u00e4lla effektiv kommunikation i projekt? Category: Projektledning Effektiv kommunikation \u00e4r en grundpelare f\u00f6r framg\u00e5ngsrik projektledning. De viktigaste faktorerna inkluderar tydlighet, frekvens och anpassning till m\u00e5lgruppen. Det \u00e4r viktigt att definiera kommunikationsplaner som beskriver vem som ska informeras, n\u00e4r och hur ofta. Anv\u00e4ndning av r\u00e4tt kanaler, s\u00e5som m\u00f6ten, e-post [&hellip;]<\/p>\n","protected":false},"author":2,"featured_media":0,"comment_status":"closed","ping_status":"closed","template":"","ufaq-category":[94],"ufaq-tag":[46,22],"class_list":["post-658","ufaq","type-ufaq","status-publish","hentry","ufaq-category-projektledning","ufaq-tag-kommunikation","ufaq-tag-projektledning"],"aioseo_notices":[],"aioseo_head":"\n\t\t<!-- All in One SEO Pro 4.9.6.2 - aioseo.com -->\n\t<meta name=\"description\" content=\"Effektiv kommunikation \u00e4r avg\u00f6rande f\u00f6r framg\u00e5ngsrika projekt. Utforska strategier i att f\u00f6rb\u00e4ttra informationsfl\u00f6det, bygga f\u00f6rtroende och minska missf\u00f6rst\u00e5nd.\" \/>\n\t<meta name=\"robots\" content=\"max-image-preview:large\" \/>\n\t<meta name=\"author\" content=\"Rolf Olsson\"\/>\n\t<meta name=\"msvalidate.01\" content=\"s\" \/>\n\t<link rel=\"canonical\" href=\"https:\/\/projektkontoret.se\/sv\/ufaq\/vilka-faktorer-ar-avgorande-for-att-sakerstalla-effektiv-kommunikation-i-projekt\/\" \/>\n\t<meta name=\"generator\" content=\"All in One SEO Pro (AIOSEO) 4.9.6.2\" \/>\n\t\t<meta property=\"og:locale\" content=\"sv_SE\" \/>\n\t\t<meta property=\"og:site_name\" content=\"Projektkontoret | PMO - d\u00e4r strategi m\u00f6ter struktur\" \/>\n\t\t<meta property=\"og:type\" content=\"article\" \/>\n\t\t<meta property=\"og:title\" content=\"FAQ: Avg\u00f6rande faktorer f\u00f6r effektiv kommunikation i projekt\" \/>\n\t\t<meta property=\"og:description\" content=\"Effektiv kommunikation \u00e4r avg\u00f6rande f\u00f6r framg\u00e5ngsrika projekt. Utforska strategier i att f\u00f6rb\u00e4ttra informationsfl\u00f6det, bygga f\u00f6rtroende och minska missf\u00f6rst\u00e5nd.\" \/>\n\t\t<meta property=\"og:url\" content=\"https:\/\/projektkontoret.se\/sv\/ufaq\/vilka-faktorer-ar-avgorande-for-att-sakerstalla-effektiv-kommunikation-i-projekt\/\" \/>\n\t\t<meta property=\"article:published_time\" content=\"2025-10-20T09:49:10+00:00\" \/>\n\t\t<meta property=\"article:modified_time\" content=\"2025-11-06T15:58:13+00:00\" \/>\n\t\t<meta name=\"twitter:card\" content=\"summary_large_image\" \/>\n\t\t<meta name=\"twitter:title\" content=\"FAQ: Avg\u00f6rande faktorer f\u00f6r effektiv kommunikation i projekt\" \/>\n\t\t<meta name=\"twitter:description\" content=\"Effektiv kommunikation \u00e4r avg\u00f6rande f\u00f6r framg\u00e5ngsrika projekt. Utforska strategier i att f\u00f6rb\u00e4ttra informationsfl\u00f6det, bygga f\u00f6rtroende och minska missf\u00f6rst\u00e5nd.\" \/>\n\t\t<script type=\"application\/ld+json\" class=\"aioseo-schema\">\n\t\t\t{\"@context\":\"https:\\\/\\\/schema.org\",\"@graph\":[{\"@type\":\"BreadcrumbList\",\"@id\":\"https:\\\/\\\/projektkontoret.se\\\/sv\\\/ufaq\\\/vilka-faktorer-ar-avgorande-for-att-sakerstalla-effektiv-kommunikation-i-projekt\\\/#breadcrumblist\",\"itemListElement\":[{\"@type\":\"ListItem\",\"@id\":\"https:\\\/\\\/projektkontoret.se\\\/sv#listItem\",\"position\":1,\"name\":\"start\",\"item\":\"https:\\\/\\\/projektkontoret.se\\\/sv\",\"nextItem\":{\"@type\":\"ListItem\",\"@id\":\"https:\\\/\\\/projektkontoret.se\\\/sv\\\/ufaq\\\/#listItem\",\"name\":\"FAQs\"}},{\"@type\":\"ListItem\",\"@id\":\"https:\\\/\\\/projektkontoret.se\\\/sv\\\/ufaq\\\/#listItem\",\"position\":2,\"name\":\"FAQs\",\"item\":\"https:\\\/\\\/projektkontoret.se\\\/sv\\\/ufaq\\\/\",\"nextItem\":{\"@type\":\"ListItem\",\"@id\":\"https:\\\/\\\/projektkontoret.se\\\/sv\\\/ufaq-category\\\/projektledning\\\/#listItem\",\"name\":\"Projektledning\"},\"previousItem\":{\"@type\":\"ListItem\",\"@id\":\"https:\\\/\\\/projektkontoret.se\\\/sv#listItem\",\"name\":\"start\"}},{\"@type\":\"ListItem\",\"@id\":\"https:\\\/\\\/projektkontoret.se\\\/sv\\\/ufaq-category\\\/projektledning\\\/#listItem\",\"position\":3,\"name\":\"Projektledning\",\"item\":\"https:\\\/\\\/projektkontoret.se\\\/sv\\\/ufaq-category\\\/projektledning\\\/\",\"nextItem\":{\"@type\":\"ListItem\",\"@id\":\"https:\\\/\\\/projektkontoret.se\\\/sv\\\/ufaq\\\/vilka-faktorer-ar-avgorande-for-att-sakerstalla-effektiv-kommunikation-i-projekt\\\/#listItem\",\"name\":\"Vilka faktorer \\u00e4r avg\\u00f6rande f\\u00f6r att s\\u00e4kerst\\u00e4lla effektiv kommunikation i projekt?\"},\"previousItem\":{\"@type\":\"ListItem\",\"@id\":\"https:\\\/\\\/projektkontoret.se\\\/sv\\\/ufaq\\\/#listItem\",\"name\":\"FAQs\"}},{\"@type\":\"ListItem\",\"@id\":\"https:\\\/\\\/projektkontoret.se\\\/sv\\\/ufaq\\\/vilka-faktorer-ar-avgorande-for-att-sakerstalla-effektiv-kommunikation-i-projekt\\\/#listItem\",\"position\":4,\"name\":\"Vilka faktorer \\u00e4r avg\\u00f6rande f\\u00f6r att s\\u00e4kerst\\u00e4lla effektiv kommunikation i projekt?\",\"previousItem\":{\"@type\":\"ListItem\",\"@id\":\"https:\\\/\\\/projektkontoret.se\\\/sv\\\/ufaq-category\\\/projektledning\\\/#listItem\",\"name\":\"Projektledning\"}}]},{\"@type\":\"Organization\",\"@id\":\"https:\\\/\\\/projektkontoret.se\\\/sv\\\/#organization\",\"name\":\"Projektkontoret\",\"description\":\"PMO - d\\u00e4r strategi m\\u00f6ter struktur\",\"url\":\"https:\\\/\\\/projektkontoret.se\\\/sv\\\/\",\"email\":\"rolf@dandelin.se\",\"telephone\":\"+46859252200\",\"numberOfEmployees\":{\"@type\":\"QuantitativeValue\",\"value\":2},\"logo\":{\"@type\":\"ImageObject\",\"url\":\"https:\\\/\\\/projektkontoret.se\\\/wp-content\\\/uploads\\\/2025\\\/10\\\/Projektkontoret_SE-3.png\",\"@id\":\"https:\\\/\\\/projektkontoret.se\\\/sv\\\/ufaq\\\/vilka-faktorer-ar-avgorande-for-att-sakerstalla-effektiv-kommunikation-i-projekt\\\/#organizationLogo\",\"width\":696,\"height\":605,\"caption\":\"Projektkontoret - PMO - logotype svenska\"},\"image\":{\"@id\":\"https:\\\/\\\/projektkontoret.se\\\/sv\\\/ufaq\\\/vilka-faktorer-ar-avgorande-for-att-sakerstalla-effektiv-kommunikation-i-projekt\\\/#organizationLogo\"},\"sameAs\":[\"https:\\\/\\\/www.linkedin.com\\\/company\\\/projektkontoret-pmo\\\/\"],\"address\":{\"@id\":\"https:\\\/\\\/projektkontoret.se\\\/sv\\\/#postaladdress\",\"@type\":\"PostalAddress\",\"streetAddress\":\"V\\u00e4stra J\\u00e4rnv\\u00e4gsgatan 3, 9 tr,\",\"postalCode\":\"11164\",\"addressLocality\":\"Stockholm\",\"addressCountry\":\"SE\"}},{\"@type\":\"Person\",\"@id\":\"https:\\\/\\\/projektkontoret.se\\\/sv\\\/author\\\/rolf-olsson\\\/#author\",\"url\":\"https:\\\/\\\/projektkontoret.se\\\/sv\\\/author\\\/rolf-olsson\\\/\",\"name\":\"Rolf Olsson\",\"image\":{\"@type\":\"ImageObject\",\"url\":\"https:\\\/\\\/secure.gravatar.com\\\/avatar\\\/9f53471d338aff65f7aadb81965ba6552abd0cd7fdef3bb6b8561a152d9335f5?s=96&d=mm&r=g\"}},{\"@type\":\"WebPage\",\"@id\":\"https:\\\/\\\/projektkontoret.se\\\/sv\\\/ufaq\\\/vilka-faktorer-ar-avgorande-for-att-sakerstalla-effektiv-kommunikation-i-projekt\\\/#webpage\",\"url\":\"https:\\\/\\\/projektkontoret.se\\\/sv\\\/ufaq\\\/vilka-faktorer-ar-avgorande-for-att-sakerstalla-effektiv-kommunikation-i-projekt\\\/\",\"name\":\"FAQ: Avg\\u00f6rande faktorer f\\u00f6r effektiv kommunikation i projekt\",\"description\":\"Effektiv kommunikation \\u00e4r avg\\u00f6rande f\\u00f6r framg\\u00e5ngsrika projekt. Utforska strategier i att f\\u00f6rb\\u00e4ttra informationsfl\\u00f6det, bygga f\\u00f6rtroende och minska missf\\u00f6rst\\u00e5nd.\",\"inLanguage\":\"sv-SE\",\"isPartOf\":{\"@id\":\"https:\\\/\\\/projektkontoret.se\\\/sv\\\/#website\"},\"breadcrumb\":{\"@id\":\"https:\\\/\\\/projektkontoret.se\\\/sv\\\/ufaq\\\/vilka-faktorer-ar-avgorande-for-att-sakerstalla-effektiv-kommunikation-i-projekt\\\/#breadcrumblist\"},\"author\":{\"@id\":\"https:\\\/\\\/projektkontoret.se\\\/sv\\\/author\\\/rolf-olsson\\\/#author\"},\"creator\":{\"@id\":\"https:\\\/\\\/projektkontoret.se\\\/sv\\\/author\\\/rolf-olsson\\\/#author\"},\"datePublished\":\"2025-10-20T11:49:10+02:00\",\"dateModified\":\"2025-11-06T16:58:13+01:00\"},{\"@type\":\"WebSite\",\"@id\":\"https:\\\/\\\/projektkontoret.se\\\/sv\\\/#website\",\"url\":\"https:\\\/\\\/projektkontoret.se\\\/sv\\\/\",\"name\":\"Projektkontoret\",\"description\":\"PMO - d\\u00e4r strategi m\\u00f6ter struktur\",\"inLanguage\":\"sv-SE\",\"publisher\":{\"@id\":\"https:\\\/\\\/projektkontoret.se\\\/sv\\\/#organization\"}}]}\n\t\t<\/script>\n\t\t<!-- All in One SEO Pro -->\r\n\t\t<title>FAQ: Avg\u00f6rande faktorer f\u00f6r effektiv kommunikation i projekt<\/title>\n\n","aioseo_head_json":{"title":"FAQ: Avg\u00f6rande faktorer f\u00f6r effektiv kommunikation i projekt","description":"Effektiv kommunikation \u00e4r avg\u00f6rande f\u00f6r framg\u00e5ngsrika projekt. Utforska strategier i att f\u00f6rb\u00e4ttra informationsfl\u00f6det, bygga f\u00f6rtroende och minska missf\u00f6rst\u00e5nd.","canonical_url":"https:\/\/projektkontoret.se\/sv\/ufaq\/vilka-faktorer-ar-avgorande-for-att-sakerstalla-effektiv-kommunikation-i-projekt\/","robots":"max-image-preview:large","keywords":"","webmasterTools":{"msvalidate.01":"s","miscellaneous":""},"schema":{"@context":"https:\/\/schema.org","@graph":[{"@type":"BreadcrumbList","@id":"https:\/\/projektkontoret.se\/sv\/ufaq\/vilka-faktorer-ar-avgorande-for-att-sakerstalla-effektiv-kommunikation-i-projekt\/#breadcrumblist","itemListElement":[{"@type":"ListItem","@id":"https:\/\/projektkontoret.se\/sv#listItem","position":1,"name":"start","item":"https:\/\/projektkontoret.se\/sv","nextItem":{"@type":"ListItem","@id":"https:\/\/projektkontoret.se\/sv\/ufaq\/#listItem","name":"FAQs"}},{"@type":"ListItem","@id":"https:\/\/projektkontoret.se\/sv\/ufaq\/#listItem","position":2,"name":"FAQs","item":"https:\/\/projektkontoret.se\/sv\/ufaq\/","nextItem":{"@type":"ListItem","@id":"https:\/\/projektkontoret.se\/sv\/ufaq-category\/projektledning\/#listItem","name":"Projektledning"},"previousItem":{"@type":"ListItem","@id":"https:\/\/projektkontoret.se\/sv#listItem","name":"start"}},{"@type":"ListItem","@id":"https:\/\/projektkontoret.se\/sv\/ufaq-category\/projektledning\/#listItem","position":3,"name":"Projektledning","item":"https:\/\/projektkontoret.se\/sv\/ufaq-category\/projektledning\/","nextItem":{"@type":"ListItem","@id":"https:\/\/projektkontoret.se\/sv\/ufaq\/vilka-faktorer-ar-avgorande-for-att-sakerstalla-effektiv-kommunikation-i-projekt\/#listItem","name":"Vilka faktorer \u00e4r avg\u00f6rande f\u00f6r att s\u00e4kerst\u00e4lla effektiv kommunikation i projekt?"},"previousItem":{"@type":"ListItem","@id":"https:\/\/projektkontoret.se\/sv\/ufaq\/#listItem","name":"FAQs"}},{"@type":"ListItem","@id":"https:\/\/projektkontoret.se\/sv\/ufaq\/vilka-faktorer-ar-avgorande-for-att-sakerstalla-effektiv-kommunikation-i-projekt\/#listItem","position":4,"name":"Vilka faktorer \u00e4r avg\u00f6rande f\u00f6r att s\u00e4kerst\u00e4lla effektiv kommunikation i projekt?","previousItem":{"@type":"ListItem","@id":"https:\/\/projektkontoret.se\/sv\/ufaq-category\/projektledning\/#listItem","name":"Projektledning"}}]},{"@type":"Organization","@id":"https:\/\/projektkontoret.se\/sv\/#organization","name":"Projektkontoret","description":"PMO - d\u00e4r strategi m\u00f6ter struktur","url":"https:\/\/projektkontoret.se\/sv\/","email":"rolf@dandelin.se","telephone":"+46859252200","numberOfEmployees":{"@type":"QuantitativeValue","value":2},"logo":{"@type":"ImageObject","url":"https:\/\/projektkontoret.se\/wp-content\/uploads\/2025\/10\/Projektkontoret_SE-3.png","@id":"https:\/\/projektkontoret.se\/sv\/ufaq\/vilka-faktorer-ar-avgorande-for-att-sakerstalla-effektiv-kommunikation-i-projekt\/#organizationLogo","width":696,"height":605,"caption":"Projektkontoret - PMO - logotype svenska"},"image":{"@id":"https:\/\/projektkontoret.se\/sv\/ufaq\/vilka-faktorer-ar-avgorande-for-att-sakerstalla-effektiv-kommunikation-i-projekt\/#organizationLogo"},"sameAs":["https:\/\/www.linkedin.com\/company\/projektkontoret-pmo\/"],"address":{"@id":"https:\/\/projektkontoret.se\/sv\/#postaladdress","@type":"PostalAddress","streetAddress":"V\u00e4stra J\u00e4rnv\u00e4gsgatan 3, 9 tr,","postalCode":"11164","addressLocality":"Stockholm","addressCountry":"SE"}},{"@type":"Person","@id":"https:\/\/projektkontoret.se\/sv\/author\/rolf-olsson\/#author","url":"https:\/\/projektkontoret.se\/sv\/author\/rolf-olsson\/","name":"Rolf Olsson","image":{"@type":"ImageObject","url":"https:\/\/secure.gravatar.com\/avatar\/9f53471d338aff65f7aadb81965ba6552abd0cd7fdef3bb6b8561a152d9335f5?s=96&d=mm&r=g"}},{"@type":"WebPage","@id":"https:\/\/projektkontoret.se\/sv\/ufaq\/vilka-faktorer-ar-avgorande-for-att-sakerstalla-effektiv-kommunikation-i-projekt\/#webpage","url":"https:\/\/projektkontoret.se\/sv\/ufaq\/vilka-faktorer-ar-avgorande-for-att-sakerstalla-effektiv-kommunikation-i-projekt\/","name":"FAQ: Avg\u00f6rande faktorer f\u00f6r effektiv kommunikation i projekt","description":"Effektiv kommunikation \u00e4r avg\u00f6rande f\u00f6r framg\u00e5ngsrika projekt. Utforska strategier i att f\u00f6rb\u00e4ttra informationsfl\u00f6det, bygga f\u00f6rtroende och minska missf\u00f6rst\u00e5nd.","inLanguage":"sv-SE","isPartOf":{"@id":"https:\/\/projektkontoret.se\/sv\/#website"},"breadcrumb":{"@id":"https:\/\/projektkontoret.se\/sv\/ufaq\/vilka-faktorer-ar-avgorande-for-att-sakerstalla-effektiv-kommunikation-i-projekt\/#breadcrumblist"},"author":{"@id":"https:\/\/projektkontoret.se\/sv\/author\/rolf-olsson\/#author"},"creator":{"@id":"https:\/\/projektkontoret.se\/sv\/author\/rolf-olsson\/#author"},"datePublished":"2025-10-20T11:49:10+02:00","dateModified":"2025-11-06T16:58:13+01:00"},{"@type":"WebSite","@id":"https:\/\/projektkontoret.se\/sv\/#website","url":"https:\/\/projektkontoret.se\/sv\/","name":"Projektkontoret","description":"PMO - d\u00e4r strategi m\u00f6ter struktur","inLanguage":"sv-SE","publisher":{"@id":"https:\/\/projektkontoret.se\/sv\/#organization"}}]},"og:locale":"sv_SE","og:site_name":"Projektkontoret | PMO - d\u00e4r strategi m\u00f6ter struktur","og:type":"article","og:title":"FAQ: Avg\u00f6rande faktorer f\u00f6r effektiv kommunikation i projekt","og:description":"Effektiv kommunikation \u00e4r avg\u00f6rande f\u00f6r framg\u00e5ngsrika projekt. Utforska strategier i att f\u00f6rb\u00e4ttra informationsfl\u00f6det, bygga f\u00f6rtroende och minska missf\u00f6rst\u00e5nd.","og:url":"https:\/\/projektkontoret.se\/sv\/ufaq\/vilka-faktorer-ar-avgorande-for-att-sakerstalla-effektiv-kommunikation-i-projekt\/","article:published_time":"2025-10-20T09:49:10+00:00","article:modified_time":"2025-11-06T15:58:13+00:00","twitter:card":"summary_large_image","twitter:title":"FAQ: Avg\u00f6rande faktorer f\u00f6r effektiv kommunikation i projekt","twitter:description":"Effektiv kommunikation \u00e4r avg\u00f6rande f\u00f6r framg\u00e5ngsrika projekt. Utforska strategier i att f\u00f6rb\u00e4ttra informationsfl\u00f6det, bygga f\u00f6rtroende och minska missf\u00f6rst\u00e5nd."},"aioseo_meta_data":{"post_id":"658","title":"FAQ: Avg\u00f6rande faktorer f\u00f6r effektiv kommunikation i projekt","description":"Effektiv kommunikation \u00e4r avg\u00f6rande f\u00f6r framg\u00e5ngsrika projekt. Utforska strategier i att f\u00f6rb\u00e4ttra informationsfl\u00f6det, bygga f\u00f6rtroende och minska missf\u00f6rst\u00e5nd.","keywords":null,"keyphrases":{"focus":{"keyphrase":"","score":0,"analysis":{"keyphraseInTitle":{"score":0,"maxScore":9,"error":1}}},"additional":[]},"primary_term":null,"canonical_url":null,"og_title":null,"og_description":null,"og_object_type":"default","og_image_type":"default","og_image_url":null,"og_image_width":null,"og_image_height":null,"og_image_custom_url":null,"og_image_custom_fields":null,"og_video":"","og_custom_url":null,"og_article_section":null,"og_article_tags":null,"twitter_use_og":false,"twitter_card":"default","twitter_image_type":"default","twitter_image_url":null,"twitter_image_custom_url":null,"twitter_image_custom_fields":null,"twitter_title":null,"twitter_description":null,"schema":{"blockGraphs":[],"customGraphs":[],"default":{"data":{"Article":[],"Course":[],"Dataset":[],"FAQPage":[],"Movie":[],"Person":[],"Product":[],"ProductReview":[],"Car":[],"Recipe":[],"Service":[],"SoftwareApplication":[],"WebPage":[]},"graphName":"WebPage","isEnabled":true},"graphs":[]},"schema_type":"default","schema_type_options":null,"pillar_content":false,"robots_default":true,"robots_noindex":false,"robots_noarchive":false,"robots_nosnippet":false,"robots_nofollow":false,"robots_noimageindex":false,"robots_noodp":false,"robots_notranslate":false,"robots_max_snippet":"-1","robots_max_videopreview":"-1","robots_max_imagepreview":"large","priority":null,"frequency":"default","local_seo":null,"seo_analyzer_scan_date":"2025-11-09 04:32:31","breadcrumb_settings":null,"limit_modified_date":false,"reviewed_by":"0","open_ai":null,"ai":{"faqs":[],"keyPoints":[],"titles":[],"descriptions":["Uppt\u00e4ck nyckelfaktorer f\u00f6r effektiv kommunikation i projektledning. L\u00e4r dig skapa tydliga, anpassade kommunikationsplaner f\u00f6r att lyckas som projektledare.","Effektiv kommunikation \u00e4r avg\u00f6rande f\u00f6r framg\u00e5ngsrika projekt. Utforska strategier f\u00f6r att f\u00f6rb\u00e4ttra informationsfl\u00f6det, bygga f\u00f6rtroende och minska missf\u00f6rst\u00e5nd.","Vill du leda framg\u00e5ngsrika projekt? F\u00e5 insikt i hur tydlig, frekvent och m\u00e5lgruppsanpassad kommunikation kan \u00f6ka projektets chans till framg\u00e5ng.","L\u00e4r dig bem\u00e4stra kommunikationen i projektledning med tips om r\u00e4tt kanaler, aktiv lyssning och regelbunden uppf\u00f6ljning f\u00f6r att f\u00f6rb\u00e4ttra samarbete och resultat.","Genom att prioritera transparent och anpassad kommunikation kan du skapa st\u00f6rre f\u00f6rtroende och effektivitet i projektteamet. L\u00e4s mer om b\u00e4sta praxis h\u00e4r."],"socialPosts":{"email":[],"linkedin":[],"twitter":[],"facebook":[],"instagram":[]}},"created":"2025-10-20 09:49:10","updated":"2025-11-09 04:32:31"},"aioseo_breadcrumb":"<div class=\"aioseo-breadcrumbs\"><span class=\"aioseo-breadcrumb\">\n\t<a href=\"https:\/\/projektkontoret.se\/sv\" title=\"start\">start<\/a>\n<\/span><span class=\"aioseo-breadcrumb-separator\">\u203a<\/span><span class=\"aioseo-breadcrumb\">\n\t<a href=\"https:\/\/projektkontoret.se\/sv\/ufaq\/\" title=\"FAQs\">FAQs<\/a>\n<\/span><span class=\"aioseo-breadcrumb-separator\">\u203a<\/span><span class=\"aioseo-breadcrumb\">\n\t<a href=\"https:\/\/projektkontoret.se\/sv\/ufaq-category\/projektledning\/\" title=\"Projektledning\">Projektledning<\/a>\n<\/span><span class=\"aioseo-breadcrumb-separator\">\u203a<\/span><span class=\"aioseo-breadcrumb\">\n\tVilka faktorer \u00e4r avg\u00f6rande f\u00f6r att s\u00e4kerst\u00e4lla effektiv kommunikation i projekt?\n<\/span><\/div>","aioseo_breadcrumb_json":[{"label":"start","link":"https:\/\/projektkontoret.se\/sv"},{"label":"FAQs","link":"https:\/\/projektkontoret.se\/sv\/ufaq\/"},{"label":"Projektledning","link":"https:\/\/projektkontoret.se\/sv\/ufaq-category\/projektledning\/"},{"label":"Vilka faktorer \u00e4r avg\u00f6rande f\u00f6r att s\u00e4kerst\u00e4lla effektiv kommunikation i projekt?","link":"https:\/\/projektkontoret.se\/sv\/ufaq\/vilka-faktorer-ar-avgorande-for-att-sakerstalla-effektiv-kommunikation-i-projekt\/"}],"_links":{"self":[{"href":"https:\/\/projektkontoret.se\/sv\/wp-json\/wp\/v2\/ufaq\/658","targetHints":{"allow":["GET"]}}],"collection":[{"href":"https:\/\/projektkontoret.se\/sv\/wp-json\/wp\/v2\/ufaq"}],"about":[{"href":"https:\/\/projektkontoret.se\/sv\/wp-json\/wp\/v2\/types\/ufaq"}],"author":[{"embeddable":true,"href":"https:\/\/projektkontoret.se\/sv\/wp-json\/wp\/v2\/users\/2"}],"replies":[{"embeddable":true,"href":"https:\/\/projektkontoret.se\/sv\/wp-json\/wp\/v2\/comments?post=658"}],"wp:attachment":[{"href":"https:\/\/projektkontoret.se\/sv\/wp-json\/wp\/v2\/media?parent=658"}],"wp:term":[{"taxonomy":"ufaq-category","embeddable":true,"href":"https:\/\/projektkontoret.se\/sv\/wp-json\/wp\/v2\/ufaq-category?post=658"},{"taxonomy":"ufaq-tag","embeddable":true,"href":"https:\/\/projektkontoret.se\/sv\/wp-json\/wp\/v2\/ufaq-tag?post=658"}],"curies":[{"name":"wp","href":"https:\/\/api.w.org\/{rel}","templated":true}]}}