{"id":649,"date":"2025-10-23T11:49:09","date_gmt":"2025-10-20T09:49:09","guid":{"rendered":"https:\/\/projektkontoret.se\/ufaq\/vilka-faktorer-bidrar-oftast-till-att-medarbetare-eller-organisationer-motsatter-sig-forandringar\/"},"modified":"2025-10-22T08:57:24","modified_gmt":"2025-10-22T06:57:24","slug":"vilka-faktorer-bidrar-oftast-till-att-medarbetare-eller-organisationer-motsatter-sig-forandringar","status":"publish","type":"ufaq","link":"https:\/\/projektkontoret.se\/sv\/ufaq\/vilka-faktorer-bidrar-oftast-till-att-medarbetare-eller-organisationer-motsatter-sig-forandringar\/","title":{"rendered":"Vilka faktorer bidrar oftast till att medarbetare eller organisationer mots\u00e4tter sig f\u00f6r\u00e4ndringar?"},"content":{"rendered":"<div  class=\"ewd-ufaq-faq-list ewd-ufaq-page-type-distinct ewd-ufaq-category-tabs-\" id='ewd-ufaq-faq-list'>\n\n\t<input type='hidden' name='show_on_load' value='' id='ewd-ufaq-show-on-load' \/>\n<input type='hidden' name='include_category' value='' id='ewd-ufaq-include-category' \/>\n<input type='hidden' name='exclude_category' value='' id='ewd-ufaq-exclude-category' \/>\n<input type='hidden' name='orderby' value='title' id='ewd-ufaq-orderby' \/>\n<input type='hidden' name='order' value='asc' id='ewd-ufaq-order' \/>\n<input type='hidden' name='post_count' value='-1' id='ewd-ufaq-post-count' \/>\n<input type='hidden' name='current_url' value='\/sv\/wp-json\/wp\/v2\/ufaq\/649' id='ewd-ufaq-current-url' \/>\n\t\n\t\n\t<div class='ewd-ufaq-faqs'>\n\n\t\t<div  class=\"ewd-ufaq-faq-div ewd-ufaq-faq-column-count-one ewd-ufaq-faq-responsive-columns- ewd-ufaq-faq-display-style-default ewd-ufaq-can-be-toggled\" id='ewd-ufaq-post-649-6TpW32yPX6' data-post_id='649'>\n\n\t\t\n\t<div class='ewd-ufaq-faq-title ewd-ufaq-faq-toggle'>\n\t\n\t<a class='ewd-ufaq-post-margin'  href='#' role=\"button\">\n\n\t\t<div class='ewd-ufaq-post-margin-symbol ewd-ufaq-'>\n\t\t\t<span >A<\/span>\n\t\t<\/div>\n\n\t\t<div class='ewd-ufaq-faq-title-text'>\n\n\t\t\t<h4>\n\t\t\t\tVilka faktorer bidrar oftast till att medarbetare eller organisationer mots\u00e4tter sig f\u00f6r\u00e4ndringar?\t\t\t<\/h4>\n\n\t\t<\/div>\n\n\t\t<div class='ewd-ufaq-clear'><\/div>\n\n\t<\/a>\n\t\n<\/div>\n\t\n\t<div class='ewd-ufaq-faq-body' >\n\n\t\t\n\t\t\t<div class='ewd-ufaq-faq-categories'>\n\t\n\tCategory:\n\t\n\t\tF\u00f6r\u00e4ndringsledning\n\t\n<\/div>\n\t\t\n\t\t\t<div class='ewd-ufaq-post-margin ewd-ufaq-faq-post'>\n\t<p>Motst\u00e5nd mot f\u00f6r\u00e4ndring \u00e4r en naturlig reaktion som kan bero p\u00e5 flera orsaker. En vanlig orsak \u00e4r r\u00e4dsla f\u00f6r det ok\u00e4nda och os\u00e4kerhet kring hur f\u00f6r\u00e4ndringen p\u00e5verkar individens roll, arbetsuppgifter eller trygghet. Brist p\u00e5 information och kommunikation kan skapa misst\u00e4nksamhet och spekulationer. Om f\u00f6r\u00e4ndringen upplevs som p\u00e5tvingad utan m\u00f6jlighet till inflytande \u00f6kar motst\u00e5ndet. Tidigare negativa erfarenheter av f\u00f6r\u00e4ndringsinitiativ kan ocks\u00e5 bidra till skepsis. Dessutom kan organisatorisk kultur och ledarskap spela en roll; om ledningen inte visar tydligt st\u00f6d eller om kulturen \u00e4r motvillig till f\u00f6r\u00e4ndring, blir motst\u00e5ndet st\u00f6rre. Personliga faktorer som stress, arbetsbelastning och bristande kompetens kan f\u00f6rsv\u00e5ra anpassningen. F\u00f6r att hantera motst\u00e5nd \u00e4r det viktigt att f\u00f6rst\u00e5 dess orsaker, kommunicera \u00f6ppet, involvera medarbetare och erbjuda st\u00f6d och utbildning. Genom att adressera dessa faktorer kan organisationer \u00f6ka acceptansen och framg\u00e5ngen f\u00f6r f\u00f6r\u00e4ndringsarbete.<\/p>\n<\/div>\n\t\t\n\t\t\t\n\t\t\n\t\t\t\n\t\t\n\t\t\t<div class='ewd-ufaq-faq-tags'>\n\t\n\tTags:\t\n\t\n\t\tF\u00f6r\u00e4ndringsledning, \n\t\n\t\tMotst\u00e5nd\n\t\n<\/div>\n\t\t\n\t\t\t\n\t\t\n\t\t\t\n\t\t\n\t\t\t\n\t\t\n\t\t\t\n\t\t\n\t\t\t\n\t\t\n\t<\/div>\n\n<\/div>\n\t<\/div>\n\n\t\n<\/div>","protected":false},"excerpt":{"rendered":"<p>A Vilka faktorer bidrar oftast till att medarbetare eller organisationer mots\u00e4tter sig f\u00f6r\u00e4ndringar? Category: F\u00f6r\u00e4ndringsledning Motst\u00e5nd mot f\u00f6r\u00e4ndring \u00e4r en naturlig reaktion som kan bero p\u00e5 flera orsaker. En vanlig orsak \u00e4r r\u00e4dsla f\u00f6r det ok\u00e4nda och os\u00e4kerhet kring hur f\u00f6r\u00e4ndringen p\u00e5verkar individens roll, arbetsuppgifter eller trygghet. Brist p\u00e5 information och kommunikation kan skapa misst\u00e4nksamhet [&hellip;]<\/p>\n","protected":false},"author":2,"featured_media":0,"comment_status":"closed","ping_status":"closed","template":"","ufaq-category":[93],"ufaq-tag":[20,58],"class_list":["post-649","ufaq","type-ufaq","status-publish","hentry","ufaq-category-forandringsledning","ufaq-tag-forandringsledning","ufaq-tag-motstand"],"aioseo_notices":[],"aioseo_head":"\n\t\t<!-- All in One SEO Pro 4.9.6.2 - aioseo.com -->\n\t<meta name=\"description\" content=\"Den h\u00e4r artikeln f\u00f6rklarar varf\u00f6r m\u00e4nniskor ofta mots\u00e4tter sig f\u00f6r\u00e4ndringar och ger insikter om hur ledare kan arbeta f\u00f6r att minska motst\u00e5ndet.\" \/>\n\t<meta name=\"robots\" content=\"max-image-preview:large\" \/>\n\t<meta name=\"author\" content=\"Rolf Olsson\"\/>\n\t<meta name=\"msvalidate.01\" content=\"s\" \/>\n\t<link rel=\"canonical\" href=\"https:\/\/projektkontoret.se\/sv\/ufaq\/vilka-faktorer-bidrar-oftast-till-att-medarbetare-eller-organisationer-motsatter-sig-forandringar\/\" \/>\n\t<meta name=\"generator\" content=\"All in One SEO Pro (AIOSEO) 4.9.6.2\" \/>\n\t\t<meta property=\"og:locale\" content=\"sv_SE\" \/>\n\t\t<meta property=\"og:site_name\" content=\"Projektkontoret | PMO - d\u00e4r strategi m\u00f6ter struktur\" \/>\n\t\t<meta property=\"og:type\" content=\"article\" \/>\n\t\t<meta property=\"og:title\" content=\"FAQ: Faktorer som bidrar till f\u00f6r\u00e4ndringsmotst\u00e5nd\" \/>\n\t\t<meta property=\"og:description\" content=\"Den h\u00e4r artikeln f\u00f6rklarar varf\u00f6r m\u00e4nniskor ofta mots\u00e4tter sig f\u00f6r\u00e4ndringar och ger insikter om hur ledare kan arbeta f\u00f6r att minska motst\u00e5ndet.\" \/>\n\t\t<meta property=\"og:url\" content=\"https:\/\/projektkontoret.se\/sv\/ufaq\/vilka-faktorer-bidrar-oftast-till-att-medarbetare-eller-organisationer-motsatter-sig-forandringar\/\" \/>\n\t\t<meta property=\"article:published_time\" content=\"2025-10-20T09:49:09+00:00\" \/>\n\t\t<meta property=\"article:modified_time\" content=\"2025-10-22T06:57:24+00:00\" \/>\n\t\t<meta name=\"twitter:card\" content=\"summary_large_image\" \/>\n\t\t<meta name=\"twitter:title\" content=\"FAQ: Faktorer som bidrar till f\u00f6r\u00e4ndringsmotst\u00e5nd\" \/>\n\t\t<meta name=\"twitter:description\" content=\"Den h\u00e4r artikeln f\u00f6rklarar varf\u00f6r m\u00e4nniskor ofta mots\u00e4tter sig f\u00f6r\u00e4ndringar och ger insikter om hur ledare kan arbeta f\u00f6r att minska motst\u00e5ndet.\" \/>\n\t\t<script type=\"application\/ld+json\" class=\"aioseo-schema\">\n\t\t\t{\"@context\":\"https:\\\/\\\/schema.org\",\"@graph\":[{\"@type\":\"BreadcrumbList\",\"@id\":\"https:\\\/\\\/projektkontoret.se\\\/sv\\\/ufaq\\\/vilka-faktorer-bidrar-oftast-till-att-medarbetare-eller-organisationer-motsatter-sig-forandringar\\\/#breadcrumblist\",\"itemListElement\":[{\"@type\":\"ListItem\",\"@id\":\"https:\\\/\\\/projektkontoret.se\\\/sv#listItem\",\"position\":1,\"name\":\"start\",\"item\":\"https:\\\/\\\/projektkontoret.se\\\/sv\",\"nextItem\":{\"@type\":\"ListItem\",\"@id\":\"https:\\\/\\\/projektkontoret.se\\\/sv\\\/ufaq\\\/#listItem\",\"name\":\"FAQs\"}},{\"@type\":\"ListItem\",\"@id\":\"https:\\\/\\\/projektkontoret.se\\\/sv\\\/ufaq\\\/#listItem\",\"position\":2,\"name\":\"FAQs\",\"item\":\"https:\\\/\\\/projektkontoret.se\\\/sv\\\/ufaq\\\/\",\"nextItem\":{\"@type\":\"ListItem\",\"@id\":\"https:\\\/\\\/projektkontoret.se\\\/sv\\\/ufaq-category\\\/forandringsledning\\\/#listItem\",\"name\":\"F\\u00f6r\\u00e4ndringsledning\"},\"previousItem\":{\"@type\":\"ListItem\",\"@id\":\"https:\\\/\\\/projektkontoret.se\\\/sv#listItem\",\"name\":\"start\"}},{\"@type\":\"ListItem\",\"@id\":\"https:\\\/\\\/projektkontoret.se\\\/sv\\\/ufaq-category\\\/forandringsledning\\\/#listItem\",\"position\":3,\"name\":\"F\\u00f6r\\u00e4ndringsledning\",\"item\":\"https:\\\/\\\/projektkontoret.se\\\/sv\\\/ufaq-category\\\/forandringsledning\\\/\",\"nextItem\":{\"@type\":\"ListItem\",\"@id\":\"https:\\\/\\\/projektkontoret.se\\\/sv\\\/ufaq\\\/vilka-faktorer-bidrar-oftast-till-att-medarbetare-eller-organisationer-motsatter-sig-forandringar\\\/#listItem\",\"name\":\"Vilka faktorer bidrar oftast till att medarbetare eller organisationer mots\\u00e4tter sig f\\u00f6r\\u00e4ndringar?\"},\"previousItem\":{\"@type\":\"ListItem\",\"@id\":\"https:\\\/\\\/projektkontoret.se\\\/sv\\\/ufaq\\\/#listItem\",\"name\":\"FAQs\"}},{\"@type\":\"ListItem\",\"@id\":\"https:\\\/\\\/projektkontoret.se\\\/sv\\\/ufaq\\\/vilka-faktorer-bidrar-oftast-till-att-medarbetare-eller-organisationer-motsatter-sig-forandringar\\\/#listItem\",\"position\":4,\"name\":\"Vilka faktorer bidrar oftast till att medarbetare eller organisationer mots\\u00e4tter sig f\\u00f6r\\u00e4ndringar?\",\"previousItem\":{\"@type\":\"ListItem\",\"@id\":\"https:\\\/\\\/projektkontoret.se\\\/sv\\\/ufaq-category\\\/forandringsledning\\\/#listItem\",\"name\":\"F\\u00f6r\\u00e4ndringsledning\"}}]},{\"@type\":\"Organization\",\"@id\":\"https:\\\/\\\/projektkontoret.se\\\/sv\\\/#organization\",\"name\":\"Projektkontoret\",\"description\":\"PMO - d\\u00e4r strategi m\\u00f6ter struktur\",\"url\":\"https:\\\/\\\/projektkontoret.se\\\/sv\\\/\",\"email\":\"rolf@dandelin.se\",\"telephone\":\"+46859252200\",\"numberOfEmployees\":{\"@type\":\"QuantitativeValue\",\"value\":2},\"logo\":{\"@type\":\"ImageObject\",\"url\":\"https:\\\/\\\/projektkontoret.se\\\/wp-content\\\/uploads\\\/2025\\\/10\\\/Projektkontoret_SE-3.png\",\"@id\":\"https:\\\/\\\/projektkontoret.se\\\/sv\\\/ufaq\\\/vilka-faktorer-bidrar-oftast-till-att-medarbetare-eller-organisationer-motsatter-sig-forandringar\\\/#organizationLogo\",\"width\":696,\"height\":605,\"caption\":\"Projektkontoret - PMO - logotype svenska\"},\"image\":{\"@id\":\"https:\\\/\\\/projektkontoret.se\\\/sv\\\/ufaq\\\/vilka-faktorer-bidrar-oftast-till-att-medarbetare-eller-organisationer-motsatter-sig-forandringar\\\/#organizationLogo\"},\"sameAs\":[\"https:\\\/\\\/www.linkedin.com\\\/company\\\/projektkontoret-pmo\\\/\"],\"address\":{\"@id\":\"https:\\\/\\\/projektkontoret.se\\\/sv\\\/#postaladdress\",\"@type\":\"PostalAddress\",\"streetAddress\":\"V\\u00e4stra J\\u00e4rnv\\u00e4gsgatan 3, 9 tr,\",\"postalCode\":\"11164\",\"addressLocality\":\"Stockholm\",\"addressCountry\":\"SE\"}},{\"@type\":\"Person\",\"@id\":\"https:\\\/\\\/projektkontoret.se\\\/sv\\\/author\\\/rolf-olsson\\\/#author\",\"url\":\"https:\\\/\\\/projektkontoret.se\\\/sv\\\/author\\\/rolf-olsson\\\/\",\"name\":\"Rolf Olsson\",\"image\":{\"@type\":\"ImageObject\",\"url\":\"https:\\\/\\\/secure.gravatar.com\\\/avatar\\\/9f53471d338aff65f7aadb81965ba6552abd0cd7fdef3bb6b8561a152d9335f5?s=96&d=mm&r=g\"}},{\"@type\":\"WebPage\",\"@id\":\"https:\\\/\\\/projektkontoret.se\\\/sv\\\/ufaq\\\/vilka-faktorer-bidrar-oftast-till-att-medarbetare-eller-organisationer-motsatter-sig-forandringar\\\/#webpage\",\"url\":\"https:\\\/\\\/projektkontoret.se\\\/sv\\\/ufaq\\\/vilka-faktorer-bidrar-oftast-till-att-medarbetare-eller-organisationer-motsatter-sig-forandringar\\\/\",\"name\":\"FAQ: Faktorer som bidrar till f\\u00f6r\\u00e4ndringsmotst\\u00e5nd\",\"description\":\"Den h\\u00e4r artikeln f\\u00f6rklarar varf\\u00f6r m\\u00e4nniskor ofta mots\\u00e4tter sig f\\u00f6r\\u00e4ndringar och ger insikter om hur ledare kan arbeta f\\u00f6r att minska motst\\u00e5ndet.\",\"inLanguage\":\"sv-SE\",\"isPartOf\":{\"@id\":\"https:\\\/\\\/projektkontoret.se\\\/sv\\\/#website\"},\"breadcrumb\":{\"@id\":\"https:\\\/\\\/projektkontoret.se\\\/sv\\\/ufaq\\\/vilka-faktorer-bidrar-oftast-till-att-medarbetare-eller-organisationer-motsatter-sig-forandringar\\\/#breadcrumblist\"},\"author\":{\"@id\":\"https:\\\/\\\/projektkontoret.se\\\/sv\\\/author\\\/rolf-olsson\\\/#author\"},\"creator\":{\"@id\":\"https:\\\/\\\/projektkontoret.se\\\/sv\\\/author\\\/rolf-olsson\\\/#author\"},\"datePublished\":\"2025-10-23T11:49:09+02:00\",\"dateModified\":\"2025-10-22T08:57:24+02:00\"},{\"@type\":\"WebSite\",\"@id\":\"https:\\\/\\\/projektkontoret.se\\\/sv\\\/#website\",\"url\":\"https:\\\/\\\/projektkontoret.se\\\/sv\\\/\",\"name\":\"Projektkontoret\",\"description\":\"PMO - d\\u00e4r strategi m\\u00f6ter struktur\",\"inLanguage\":\"sv-SE\",\"publisher\":{\"@id\":\"https:\\\/\\\/projektkontoret.se\\\/sv\\\/#organization\"}}]}\n\t\t<\/script>\n\t\t<!-- All in One SEO Pro -->\r\n\t\t<title>FAQ: Faktorer som bidrar till f\u00f6r\u00e4ndringsmotst\u00e5nd<\/title>\n\n","aioseo_head_json":{"title":"FAQ: Faktorer som bidrar till f\u00f6r\u00e4ndringsmotst\u00e5nd","description":"Den h\u00e4r artikeln f\u00f6rklarar varf\u00f6r m\u00e4nniskor ofta mots\u00e4tter sig f\u00f6r\u00e4ndringar och ger insikter om hur ledare kan arbeta f\u00f6r att minska motst\u00e5ndet.","canonical_url":"https:\/\/projektkontoret.se\/sv\/ufaq\/vilka-faktorer-bidrar-oftast-till-att-medarbetare-eller-organisationer-motsatter-sig-forandringar\/","robots":"max-image-preview:large","keywords":"","webmasterTools":{"msvalidate.01":"s","miscellaneous":""},"schema":{"@context":"https:\/\/schema.org","@graph":[{"@type":"BreadcrumbList","@id":"https:\/\/projektkontoret.se\/sv\/ufaq\/vilka-faktorer-bidrar-oftast-till-att-medarbetare-eller-organisationer-motsatter-sig-forandringar\/#breadcrumblist","itemListElement":[{"@type":"ListItem","@id":"https:\/\/projektkontoret.se\/sv#listItem","position":1,"name":"start","item":"https:\/\/projektkontoret.se\/sv","nextItem":{"@type":"ListItem","@id":"https:\/\/projektkontoret.se\/sv\/ufaq\/#listItem","name":"FAQs"}},{"@type":"ListItem","@id":"https:\/\/projektkontoret.se\/sv\/ufaq\/#listItem","position":2,"name":"FAQs","item":"https:\/\/projektkontoret.se\/sv\/ufaq\/","nextItem":{"@type":"ListItem","@id":"https:\/\/projektkontoret.se\/sv\/ufaq-category\/forandringsledning\/#listItem","name":"F\u00f6r\u00e4ndringsledning"},"previousItem":{"@type":"ListItem","@id":"https:\/\/projektkontoret.se\/sv#listItem","name":"start"}},{"@type":"ListItem","@id":"https:\/\/projektkontoret.se\/sv\/ufaq-category\/forandringsledning\/#listItem","position":3,"name":"F\u00f6r\u00e4ndringsledning","item":"https:\/\/projektkontoret.se\/sv\/ufaq-category\/forandringsledning\/","nextItem":{"@type":"ListItem","@id":"https:\/\/projektkontoret.se\/sv\/ufaq\/vilka-faktorer-bidrar-oftast-till-att-medarbetare-eller-organisationer-motsatter-sig-forandringar\/#listItem","name":"Vilka faktorer bidrar oftast till att medarbetare eller organisationer mots\u00e4tter sig f\u00f6r\u00e4ndringar?"},"previousItem":{"@type":"ListItem","@id":"https:\/\/projektkontoret.se\/sv\/ufaq\/#listItem","name":"FAQs"}},{"@type":"ListItem","@id":"https:\/\/projektkontoret.se\/sv\/ufaq\/vilka-faktorer-bidrar-oftast-till-att-medarbetare-eller-organisationer-motsatter-sig-forandringar\/#listItem","position":4,"name":"Vilka faktorer bidrar oftast till att medarbetare eller organisationer mots\u00e4tter sig f\u00f6r\u00e4ndringar?","previousItem":{"@type":"ListItem","@id":"https:\/\/projektkontoret.se\/sv\/ufaq-category\/forandringsledning\/#listItem","name":"F\u00f6r\u00e4ndringsledning"}}]},{"@type":"Organization","@id":"https:\/\/projektkontoret.se\/sv\/#organization","name":"Projektkontoret","description":"PMO - d\u00e4r strategi m\u00f6ter struktur","url":"https:\/\/projektkontoret.se\/sv\/","email":"rolf@dandelin.se","telephone":"+46859252200","numberOfEmployees":{"@type":"QuantitativeValue","value":2},"logo":{"@type":"ImageObject","url":"https:\/\/projektkontoret.se\/wp-content\/uploads\/2025\/10\/Projektkontoret_SE-3.png","@id":"https:\/\/projektkontoret.se\/sv\/ufaq\/vilka-faktorer-bidrar-oftast-till-att-medarbetare-eller-organisationer-motsatter-sig-forandringar\/#organizationLogo","width":696,"height":605,"caption":"Projektkontoret - PMO - logotype svenska"},"image":{"@id":"https:\/\/projektkontoret.se\/sv\/ufaq\/vilka-faktorer-bidrar-oftast-till-att-medarbetare-eller-organisationer-motsatter-sig-forandringar\/#organizationLogo"},"sameAs":["https:\/\/www.linkedin.com\/company\/projektkontoret-pmo\/"],"address":{"@id":"https:\/\/projektkontoret.se\/sv\/#postaladdress","@type":"PostalAddress","streetAddress":"V\u00e4stra J\u00e4rnv\u00e4gsgatan 3, 9 tr,","postalCode":"11164","addressLocality":"Stockholm","addressCountry":"SE"}},{"@type":"Person","@id":"https:\/\/projektkontoret.se\/sv\/author\/rolf-olsson\/#author","url":"https:\/\/projektkontoret.se\/sv\/author\/rolf-olsson\/","name":"Rolf Olsson","image":{"@type":"ImageObject","url":"https:\/\/secure.gravatar.com\/avatar\/9f53471d338aff65f7aadb81965ba6552abd0cd7fdef3bb6b8561a152d9335f5?s=96&d=mm&r=g"}},{"@type":"WebPage","@id":"https:\/\/projektkontoret.se\/sv\/ufaq\/vilka-faktorer-bidrar-oftast-till-att-medarbetare-eller-organisationer-motsatter-sig-forandringar\/#webpage","url":"https:\/\/projektkontoret.se\/sv\/ufaq\/vilka-faktorer-bidrar-oftast-till-att-medarbetare-eller-organisationer-motsatter-sig-forandringar\/","name":"FAQ: Faktorer som bidrar till f\u00f6r\u00e4ndringsmotst\u00e5nd","description":"Den h\u00e4r artikeln f\u00f6rklarar varf\u00f6r m\u00e4nniskor ofta mots\u00e4tter sig f\u00f6r\u00e4ndringar och ger insikter om hur ledare kan arbeta f\u00f6r att minska motst\u00e5ndet.","inLanguage":"sv-SE","isPartOf":{"@id":"https:\/\/projektkontoret.se\/sv\/#website"},"breadcrumb":{"@id":"https:\/\/projektkontoret.se\/sv\/ufaq\/vilka-faktorer-bidrar-oftast-till-att-medarbetare-eller-organisationer-motsatter-sig-forandringar\/#breadcrumblist"},"author":{"@id":"https:\/\/projektkontoret.se\/sv\/author\/rolf-olsson\/#author"},"creator":{"@id":"https:\/\/projektkontoret.se\/sv\/author\/rolf-olsson\/#author"},"datePublished":"2025-10-23T11:49:09+02:00","dateModified":"2025-10-22T08:57:24+02:00"},{"@type":"WebSite","@id":"https:\/\/projektkontoret.se\/sv\/#website","url":"https:\/\/projektkontoret.se\/sv\/","name":"Projektkontoret","description":"PMO - d\u00e4r strategi m\u00f6ter struktur","inLanguage":"sv-SE","publisher":{"@id":"https:\/\/projektkontoret.se\/sv\/#organization"}}]},"og:locale":"sv_SE","og:site_name":"Projektkontoret | PMO - d\u00e4r strategi m\u00f6ter struktur","og:type":"article","og:title":"FAQ: Faktorer som bidrar till f\u00f6r\u00e4ndringsmotst\u00e5nd","og:description":"Den h\u00e4r artikeln f\u00f6rklarar varf\u00f6r m\u00e4nniskor ofta mots\u00e4tter sig f\u00f6r\u00e4ndringar och ger insikter om hur ledare kan arbeta f\u00f6r att minska motst\u00e5ndet.","og:url":"https:\/\/projektkontoret.se\/sv\/ufaq\/vilka-faktorer-bidrar-oftast-till-att-medarbetare-eller-organisationer-motsatter-sig-forandringar\/","article:published_time":"2025-10-20T09:49:09+00:00","article:modified_time":"2025-10-22T06:57:24+00:00","twitter:card":"summary_large_image","twitter:title":"FAQ: Faktorer som bidrar till f\u00f6r\u00e4ndringsmotst\u00e5nd","twitter:description":"Den h\u00e4r artikeln f\u00f6rklarar varf\u00f6r m\u00e4nniskor ofta mots\u00e4tter sig f\u00f6r\u00e4ndringar och ger insikter om hur ledare kan arbeta f\u00f6r att minska motst\u00e5ndet."},"aioseo_meta_data":{"post_id":"649","title":"FAQ: Faktorer som bidrar till f\u00f6r\u00e4ndringsmotst\u00e5nd","description":"Den h\u00e4r artikeln f\u00f6rklarar varf\u00f6r m\u00e4nniskor ofta mots\u00e4tter sig f\u00f6r\u00e4ndringar och ger insikter om hur ledare kan arbeta f\u00f6r att minska motst\u00e5ndet.","keywords":null,"keyphrases":{"focus":{"keyphrase":"","score":0,"analysis":{"keyphraseInTitle":{"score":0,"maxScore":9,"error":1}}},"additional":[]},"primary_term":null,"canonical_url":null,"og_title":null,"og_description":null,"og_object_type":"default","og_image_type":"default","og_image_url":null,"og_image_width":null,"og_image_height":null,"og_image_custom_url":null,"og_image_custom_fields":null,"og_video":"","og_custom_url":null,"og_article_section":null,"og_article_tags":null,"twitter_use_og":false,"twitter_card":"default","twitter_image_type":"default","twitter_image_url":null,"twitter_image_custom_url":null,"twitter_image_custom_fields":null,"twitter_title":null,"twitter_description":null,"schema":{"blockGraphs":[],"customGraphs":[],"default":{"data":{"Article":[],"Course":[],"Dataset":[],"FAQPage":[],"Movie":[],"Person":[],"Product":[],"ProductReview":[],"Car":[],"Recipe":[],"Service":[],"SoftwareApplication":[],"WebPage":[]},"graphName":"WebPage","isEnabled":true},"graphs":[]},"schema_type":"default","schema_type_options":null,"pillar_content":false,"robots_default":true,"robots_noindex":false,"robots_noarchive":false,"robots_nosnippet":false,"robots_nofollow":false,"robots_noimageindex":false,"robots_noodp":false,"robots_notranslate":false,"robots_max_snippet":"-1","robots_max_videopreview":"-1","robots_max_imagepreview":"large","priority":null,"frequency":"default","local_seo":null,"seo_analyzer_scan_date":"2025-10-22 07:01:40","breadcrumb_settings":null,"limit_modified_date":false,"reviewed_by":"0","open_ai":null,"ai":{"faqs":[],"keyPoints":[],"titles":[],"descriptions":["Uppt\u00e4ck varf\u00f6r motst\u00e5nd mot f\u00f6r\u00e4ndring \u00e4r naturligt och hur du kan f\u00f6rst\u00e5 dess bakomliggande orsaker f\u00f6r att fr\u00e4mja acceptans.","L\u00e4r dig om de vanligaste orsakerna till motst\u00e5nd mot f\u00f6r\u00e4ndringar, inklusive r\u00e4dsla, os\u00e4kerhet och brist p\u00e5 information, och hur man kan hantera dem.","Den h\u00e4r artikeln f\u00f6rklarar varf\u00f6r m\u00e4nniskor ofta mots\u00e4tter sig f\u00f6r\u00e4ndringar och ger insikter om hur ledare kan arbeta f\u00f6r att minska motst\u00e5ndet.","Utforska de psykologiska och organisatoriska faktorer som bidrar till motst\u00e5nd mot f\u00f6r\u00e4ndring och strategier f\u00f6r att f\u00f6rb\u00e4ttra acceptansen.","F\u00f6r beginners: f\u00f6rst\u00e5 varf\u00f6r motst\u00e5nd mot f\u00f6r\u00e4ndring uppst\u00e5r och f\u00e5 enkla tips f\u00f6r att underl\u00e4tta en smidigare f\u00f6r\u00e4ndringsprocess."],"socialPosts":{"email":[],"linkedin":[],"twitter":[],"facebook":[],"instagram":[]}},"created":"2025-10-20 09:49:09","updated":"2025-10-22 07:01:40"},"aioseo_breadcrumb":"<div class=\"aioseo-breadcrumbs\"><span class=\"aioseo-breadcrumb\">\n\t<a href=\"https:\/\/projektkontoret.se\/sv\" title=\"start\">start<\/a>\n<\/span><span class=\"aioseo-breadcrumb-separator\">\u203a<\/span><span class=\"aioseo-breadcrumb\">\n\t<a href=\"https:\/\/projektkontoret.se\/sv\/ufaq\/\" title=\"FAQs\">FAQs<\/a>\n<\/span><span class=\"aioseo-breadcrumb-separator\">\u203a<\/span><span class=\"aioseo-breadcrumb\">\n\t<a href=\"https:\/\/projektkontoret.se\/sv\/ufaq-category\/forandringsledning\/\" title=\"F\u00f6r\u00e4ndringsledning\">F\u00f6r\u00e4ndringsledning<\/a>\n<\/span><span class=\"aioseo-breadcrumb-separator\">\u203a<\/span><span class=\"aioseo-breadcrumb\">\n\tVilka faktorer bidrar oftast till att medarbetare eller organisationer mots\u00e4tter sig f\u00f6r\u00e4ndringar?\n<\/span><\/div>","aioseo_breadcrumb_json":[{"label":"start","link":"https:\/\/projektkontoret.se\/sv"},{"label":"FAQs","link":"https:\/\/projektkontoret.se\/sv\/ufaq\/"},{"label":"F\u00f6r\u00e4ndringsledning","link":"https:\/\/projektkontoret.se\/sv\/ufaq-category\/forandringsledning\/"},{"label":"Vilka faktorer bidrar oftast till att medarbetare eller organisationer mots\u00e4tter sig f\u00f6r\u00e4ndringar?","link":"https:\/\/projektkontoret.se\/sv\/ufaq\/vilka-faktorer-bidrar-oftast-till-att-medarbetare-eller-organisationer-motsatter-sig-forandringar\/"}],"_links":{"self":[{"href":"https:\/\/projektkontoret.se\/sv\/wp-json\/wp\/v2\/ufaq\/649","targetHints":{"allow":["GET"]}}],"collection":[{"href":"https:\/\/projektkontoret.se\/sv\/wp-json\/wp\/v2\/ufaq"}],"about":[{"href":"https:\/\/projektkontoret.se\/sv\/wp-json\/wp\/v2\/types\/ufaq"}],"author":[{"embeddable":true,"href":"https:\/\/projektkontoret.se\/sv\/wp-json\/wp\/v2\/users\/2"}],"replies":[{"embeddable":true,"href":"https:\/\/projektkontoret.se\/sv\/wp-json\/wp\/v2\/comments?post=649"}],"wp:attachment":[{"href":"https:\/\/projektkontoret.se\/sv\/wp-json\/wp\/v2\/media?parent=649"}],"wp:term":[{"taxonomy":"ufaq-category","embeddable":true,"href":"https:\/\/projektkontoret.se\/sv\/wp-json\/wp\/v2\/ufaq-category?post=649"},{"taxonomy":"ufaq-tag","embeddable":true,"href":"https:\/\/projektkontoret.se\/sv\/wp-json\/wp\/v2\/ufaq-tag?post=649"}],"curies":[{"name":"wp","href":"https:\/\/api.w.org\/{rel}","templated":true}]}}